{"id":28619,"date":"2019-10-31T15:57:42","date_gmt":"2019-10-31T14:57:42","guid":{"rendered":"https:\/\/museus.esplugues.cat\/inici"},"modified":"2026-04-16T14:44:47","modified_gmt":"2026-04-16T12:44:47","slug":"inici","status":"publish","type":"page","link":"https:\/\/museus.esplugues.cat\/es","title":{"rendered":"Inicio"},"content":{"rendered":"<p>[et_pb_section fb_built=\u00bb1&#8243; fullwidth=\u00bbon\u00bb disabled_on=\u00bboff|off|off\u00bb _builder_version=\u00bb4.27.4&#8243; global_colors_info=\u00bb{}\u00bb][et_pb_fullwidth_slider disabled_on=\u00bbon|on|off\u00bb _builder_version=\u00bb4.27.4&#8243; button_alignment=\u00bbcenter\u00bb custom_margin=\u00bb0px||||false|false\u00bb custom_padding=\u00bb250px||250px|0px|false|false\u00bb global_colors_info=\u00bb{}\u00bb][et_pb_slide heading=\u00bbMuseo Can Tintur\u00e9\u00bb _builder_version=\u00bb4.16&#8243; header_level=\u00bbh2&#8243; header_font=\u00bb|600|||||||\u00bb header_font_size=\u00bb40px\u00bb body_font_size=\u00bb18px\u00bb background_color=\u00bbrgba(54,56,1,0.38)\u00bb background_enable_color=\u00bbon\u00bb background_image=\u00bbhttps:\/\/museus.esplugues.cat\/wp-content\/uploads\/2020\/06\/CT.prova3_.jpg\u00bb background_enable_image=\u00bbon\u00bb background_blend=\u00bbmultiply\u00bb custom_button=\u00bbon\u00bb button_text_size=\u00bb30px\u00bb button_bg_color=\u00bbrgba(0,0,0,0)\u00bb button_border_width=\u00bb1px\u00bb button_font=\u00bb|700|||||||\u00bb button_alignment=\u00bbcenter\u00bb custom_padding=\u00bb0px|0px|0px|0px|true|false\u00bb link_option_url=\u00bbhttps:\/\/museus.esplugues.cat\/es\/can-tinture\u00bb global_colors_info=\u00bb{}\u00bb sticky_transition=\u00bbon\u00bb]<\/p>\n<p>Colecci\u00f3n de azulejos de muestra Salvador Miquel<\/p>\n<p>[\/et_pb_slide][et_pb_slide heading=\u00bbMuseo de Cer\u00e1mica %22La Rajoleta%22&#8243; _builder_version=\u00bb4.16&#8243; header_level=\u00bbh2&#8243; header_font=\u00bb|600|||||||\u00bb header_font_size=\u00bb40px\u00bb background_color=\u00bbrgba(54,56,1,0.38)\u00bb background_enable_color=\u00bbon\u00bb background_image=\u00bbhttps:\/\/museus.esplugues.cat\/wp-content\/uploads\/2020\/06\/home-La-Rajoleta.jpg\u00bb background_enable_image=\u00bbon\u00bb background_blend=\u00bbmultiply\u00bb custom_button=\u00bbon\u00bb button_text_size=\u00bb30px\u00bb button_bg_color=\u00bbrgba(0,0,0,0)\u00bb button_border_width=\u00bb1px\u00bb button_font=\u00bb|700|||||||\u00bb custom_padding=\u00bb|0px||0px|false|false\u00bb link_option_url=\u00bbhttps:\/\/museus.esplugues.cat\/es\/la-rajoleta\u00bb global_colors_info=\u00bb{}\u00bb sticky_transition=\u00bbon\u00bb][\/et_pb_slide][et_pb_slide button_link=\u00bb@ET-DC@eyJkeW5hbWljIjp0cnVlLCJjb250ZW50IjoicG9zdF9saW5rX3VybF9wYWdlIiwic2V0dGluZ3MiOnsicG9zdF9pZCI6IjQ2NTQ0In19@\u00bb _builder_version=\u00bb4.27.4&#8243; _dynamic_attributes=\u00bbbutton_link\u00bb header_level=\u00bbh2&#8243; header_font=\u00bb|600|||||||\u00bb header_font_size=\u00bb40px\u00bb background_color=\u00bbRGBA(255,255,255,0)\u00bb background_enable_color=\u00bbon\u00bb background_image=\u00bbhttps:\/\/museus.esplugues.cat\/wp-content\/uploads\/2026\/01\/Banner-web-1080x350px-ANIMAT.gif\u00bb background_enable_image=\u00bbon\u00bb background_blend=\u00bbmultiply\u00bb custom_button=\u00bbon\u00bb button_text_size=\u00bb30px\u00bb button_bg_color=\u00bbrgba(0,0,0,0)\u00bb button_border_width=\u00bb1px\u00bb button_font=\u00bb|700|||||||\u00bb custom_padding=\u00bb|0px||0px|false|false\u00bb link_option_url=\u00bbhttps:\/\/museus.esplugues.cat\/es\/la-rajoleta\u00bb global_colors_info=\u00bb{}\u00bb sticky_transition=\u00bbon\u00bb][\/et_pb_slide][\/et_pb_fullwidth_slider][\/et_pb_section][et_pb_section fb_built=\u00bb1&#8243; fullwidth=\u00bbon\u00bb disabled_on=\u00bboff|off|off\u00bb _builder_version=\u00bb4.27.4&#8243; global_colors_info=\u00bb{}\u00bb][et_pb_fullwidth_slider arrows_custom_color=\u00bb#000000&#8243; dot_nav_custom_color=\u00bb#000000&#8243; disabled_on=\u00bboff|off|on\u00bb _builder_version=\u00bb4.27.4&#8243; _module_preset=\u00bbdefault\u00bb background_color=\u00bbRGBA(255,255,255,0)\u00bb background_enable_image=\u00bboff\u00bb global_colors_info=\u00bb{}\u00bb][et_pb_slide _builder_version=\u00bb4.27.4&#8243; _dynamic_attributes=\u00bblink_option_url\u00bb _module_preset=\u00bbdefault\u00bb background_color=\u00bbRGBA(255,255,255,0)\u00bb background_enable_color=\u00bbon\u00bb background_image=\u00bbhttps:\/\/museus.esplugues.cat\/wp-content\/uploads\/2026\/01\/Patrimoni-Esplugues_Museus-Esplugues-1.webp\u00bb background_enable_image=\u00bbon\u00bb background_size=\u00bbcontain\u00bb link_option_url=\u00bb@ET-DC@eyJkeW5hbWljIjp0cnVlLCJjb250ZW50IjoicG9zdF9saW5rX3VybF9wYWdlIiwic2V0dGluZ3MiOnsicG9zdF9pZCI6IjQ2NTQ0In19@\u00bb global_colors_info=\u00bb{}\u00bb sticky_transition=\u00bbon\u00bb][\/et_pb_slide][\/et_pb_fullwidth_slider][\/et_pb_section][et_pb_section fb_built=\u00bb1&#8243; _builder_version=\u00bb4.16&#8243; custom_padding=\u00bb1px||6px|||\u00bb global_colors_info=\u00bb{}\u00bb][et_pb_row column_structure=\u00bb3_4,1_4&#8243; disabled_on=\u00bboff|off|off\u00bb _builder_version=\u00bb4.16&#8243; global_colors_info=\u00bb{}\u00bb][et_pb_column type=\u00bb3_4&#8243; _builder_version=\u00bb4.16&#8243; custom_padding=\u00bb|||\u00bb global_colors_info=\u00bb{}\u00bb custom_padding__hover=\u00bb|||\u00bb][et_pb_code _builder_version=\u00bb4.16&#8243; global_colors_info=\u00bb{}\u00bb]<div id='evcal_calendar_545' class='ajde_evcal_calendar boxy boxstyle1 box_3' ><div class='evo-data' data-cyear=\"2026\" data-cmonth=\"5\" data-runajax=\"1\" data-evc_open=\"0\" data-cal_ver=\"2.6\" data-mapscroll=\"true\" data-mapformat=\"roadmap\" data-mapzoom=\"18\" data-mapiconurl=\"\" data-ev_cnt=\"0\" data-show_limit=\"no\" data-tiles=\"yes\" data-sort_by=\"sort_date\" data-filters_on=\"false\" data-range_start=\"0\" data-range_end=\"0\" data-send_unix=\"0\" data-ux_val=\"0\" data-accord=\"0\" data-rtl=\"no\"  ><\/div><div id='evcal_head' class='calendar_header ' ><div class='evo_cal_above'><span class='evo-gototoday-btn' style='display:none' data-mo='5' data-yr='2026' data-dy=''>Current Month<\/span><\/div><div class='evo_cal_above_content'><\/div><p id='evcal_cur' class='evo_month_title'> maig, 2026<\/p><p class='evo_arrows'><span id='evcal_prev' class='evcal_arrows evcal_btn_prev' ><i class='fa fa-angle-left'><\/i><\/span><span id='evcal_next' class='evcal_arrows evcal_btn_next' ><i class='fa fa-angle-right'><\/i><\/span><\/p><div class='cal_arguments' style='display:none' data-hide_past=\"no\" data-show_et_ft_img=\"no\" data-event_order=\"ASC\" data-ft_event_priority=\"no\" data-lang=\"L1\" data-month_incre=\"0\" data-only_ft=\"no\" data-evc_open=\"no\" data-show_limit=\"no\" data-etc_override=\"no\" data-show_limit_redir=\"0\" data-tiles=\"yes\" data-tile_height=\"0\" data-tile_bg=\"1\" data-tile_count=\"3\" data-tile_style=\"1\" data-s=\"\" data-members_only=\"no\" data-ux_val=\"0\" data-show_limit_ajax=\"no\" data-show_limit_paged=\"1\" ><\/div><div class='clear'><\/div><\/div><div class='eventon_sorting_section' style='display:none'><div class='eventon_filter_line '><div class='eventon_filter' data-filter_field='event_type' data-filter_val='all' data-filter_type='tax' data-fl_o='IN'><\/div><div class='eventon_filter' data-filter_field='event_type_2' data-filter_val='all' data-filter_type='tax' data-fl_o='IN'><\/div><div class='eventon_filter' data-filter_field='event_type_3' data-filter_val='all' data-filter_type='tax' data-fl_o='IN'><\/div><div class='eventon_filter' data-filter_field='event_type_4' data-filter_val='all' data-filter_type='tax' data-fl_o='IN'><\/div><div class='eventon_filter' data-filter_field='event_type_5' data-filter_val='all' data-filter_type='tax' data-fl_o='IN'><\/div><div class='eventon_filter' data-filter_field='event_location' data-filter_val='all' data-filter_type='tax' data-fl_o='IN'><\/div><div class='eventon_filter' data-filter_field='event_organizer' data-filter_val='all' data-filter_type='tax' data-fl_o='IN'><\/div><\/div><div class='clear'><\/div><\/div><div id='eventon_loadbar_section'><div id='eventon_loadbar'><\/div><\/div><div id='evcal_list' class='eventon_events_list'><div id=\"event_47072\" class=\"eventon_list_event evo_eventtop  event hasbgimg\" data-event_id=\"47072\" data-time=\"1778409000-1778419800\" data-colr=\"#8e9451\" itemscope itemtype='http:\/\/schema.org\/Event' 1><div class=\"evo_boxtop\" style=\"background-image: url(https:\/\/museus.esplugues.cat\/wp-content\/uploads\/2026\/01\/Gaudi2-300x200-1.jpg); background-color:#8e9451;height:200px;\"><\/div><div class=\"evo_event_schema\" style=\"display:none\" ><a itemprop='url'  href='https:\/\/museus.esplugues.cat\/es\/events\/gaudiespluguesmaig'><\/a><span itemprop='name'  >Visites guiades<\/span><meta itemprop='image' content='https:\/\/museus.esplugues.cat\/wp-content\/uploads\/2026\/01\/Gaudi2-300x200-1.jpg' ><\/meta><meta itemprop='description' content='Gaud\u00ed i Esplugues\ud83d\udcc5 Museu de cer\u00e0mica La Rajoleta\r\n\r\nAmb motiu de l\u2019Any Gaud\u00ed, proposem una nova manera de con\u00e8ixer la relaci\u00f3 del genial arquitecte' ><\/meta><meta itemprop='startDate' content='2026-5-10' ><\/meta><meta itemprop='endDate' content='2026-5-10' ><\/meta><meta itemprop='eventStatus' content='on-schedule' ><\/meta><script type=\"application\/ld+json\">{\t\"@context\": \"http:\/\/schema.org\",\n\t\t\t\t\t\t\t  \t\"@type\": \"Event\",\n\t\t\t\t\t\t\t  \t\"name\": \"Visites guiades\",\n\t\t\t\t\t\t\t  \t\"startDate\": \"2026-5-10T10-10-30-00\",\n\t\t\t\t\t\t\t  \t\"endDate\": \"2026-5-10T13-13-30-00\",\n\t\t\t\t\t\t\t  \t\"image\":\"https:\/\/museus.esplugues.cat\/wp-content\/uploads\/2026\/01\/Gaudi2-300x200-1.jpg\",\n\t\t\t\t\t\t\t  \t\"description\":\"Gaud\u00ed i Esplugues\ud83d\udcc5 Museu de cer\u00e0mica La Rajoleta\r\n\r\nAmb motiu de l\u2019Any Gaud\u00ed, proposem una nova manera de con\u00e8ixer la relaci\u00f3 del genial arquitecte\",\n\t\t\t\t\t\t\t  \t\n\t\t\t\t\t\t\t }\n\t\t\t\t\t\t\t<\/script><\/div>\n\t\t\t\t<p class=\"desc_trig_outter\"><a data-gmap_status=\"null\" data-exlk=\"0\" style=\"border-color: #8e9451;padding-top: 215px;height: 310px;\" id=\"evc_177840900047072\" class=\"desc_trig sin_val evcal_list_a\" data-ux_val=\"3\"  ><span class='evcal_cblock ' data-bgcolor='#8e9451' data-smon='maig' data-syr='2026'><span class='evo_start '><em class='date'>10<\/em><em class='month'>mai<\/em><em class='time'>10:30<\/em><\/span><span class='evo_end only_time'><em class='time'>13:30<\/em><\/span><em class='clear'><\/em><\/span><span class='evcal_desc evo_info hide_eventtopdata '  data-location_status=\"false\" ><span class='evo_above_title'><\/span><span class='evcal_desc2 evcal_event_title' itemprop='name'>Visites guiades<\/span><span class='evo_below_title'><span class='evcal_event_subtitle' >Gaud\u00ed i Esplugues<\/span><\/span><span class='evcal_desc_info' ><\/span><span class='evcal_desc3'><\/span><\/span><em class='clear'><\/em><\/p><\/a><div class='event_description evcal_eventcard ' style=\"display:none\"><div class='evo_metarow_directimg'><img src='https:\/\/museus.esplugues.cat\/wp-content\/uploads\/2026\/01\/Gaudi2-300x200-1.jpg' \/><\/div><div class='evo_metarow_details evorow evcal_evdata_row bordb evcal_event_details'>\n\t\t\t\t\t\t\t<div class=\"event_excerpt\" style=\"display:none\"><h3 class=\"padb5 evo_h3\">Descripci\u00f3<\/h3><p>Gaud\u00ed i Esplugues\ud83d\udcc5 Museu de cer\u00e0mica La Rajoleta\r\n\r\nAmb motiu de l\u2019Any Gaud\u00ed, proposem una nova manera de con\u00e8ixer la relaci\u00f3 del genial arquitecte<\/p><\/div><span class='evcal_evdata_icons'><i class='fa fa-align-justify'><\/i><\/span>\n\t\t\t\t\t\t\t\n\t\t\t\t\t\t\t<div class='evcal_evdata_cell shorter_desc'><div class='eventon_details_shading_bot'>\n\t\t\t\t\t\t\t\t<p class='eventon_shad_p' content='less'><span class='ev_more_text' data-txt='less'>more<\/span><span class='ev_more_arrow'><\/span><\/p>\n\t\t\t\t\t\t\t<\/div><div class='eventon_full_description'>\n\t\t\t\t\t\t\t\t\t<h3 class='padb5 evo_h3'><span class='evcal_evdata_icons'><i class='fa fa-align-justify'><\/i><\/span>Descripci\u00f3<\/h3><div class='eventon_desc_in' itemprop='description'>\n\t\t\t\t\t\t\t\t\t<p><strong data-start=\"3199\" data-end=\"3220\">Gaud\u00ed i Esplugues<\/strong><br data-start=\"3234\" data-end=\"3237\" \/>\ud83d\udcc5 <em data-start=\"3240\" data-end=\"3273\">Museu de cer\u00e0mica La Rajoleta<\/em><\/p>\n<p>Amb motiu de l\u2019Any Gaud\u00ed, proposem una nova manera de con\u00e8ixer la relaci\u00f3 del genial arquitecte amb la ciutat d\u2019Esplugues.<\/p>\n<p>Una visita especial al museu de cer\u00e0mica La Rajoleta permet recuperar la petjada d\u2019Antoni Gaud\u00ed.<\/p>\n<p data-start=\"3627\" data-end=\"3675\"><strong data-start=\"3627\" data-end=\"3673\">Informaci\u00f3 pr\u00e0ctica de les visites guiades<\/strong><\/p>\n<ul data-start=\"3676\" data-end=\"3804\">\n<li data-start=\"3676\" data-end=\"3712\">\n<p data-start=\"3678\" data-end=\"3712\">\ud83d\udd65 Sessions a les 10.30 h i 12 h<\/p>\n<\/li>\n<li data-start=\"3713\" data-end=\"3741\">\n<p data-start=\"3715\" data-end=\"3741\">\ud83d\udcb6 Preu: 3 \u20ac per persona<\/p>\n<\/li>\n<li data-start=\"3742\" data-end=\"3804\">\n<p data-start=\"3744\" data-end=\"3804\">\ud83d\udccd Punt de trobada: Museu Can Tintur\u00e9 (c. de l\u2019Esgl\u00e9sia, 36)<\/p>\n<\/li>\n<\/ul>\n<p data-start=\"3806\" data-end=\"3896\" data-is-last-node=\"\" data-is-only-node=\"\">\ud83d\udccc <em data-start=\"3809\" data-end=\"3840\">Inscripci\u00f3 pr\u00e8via obligat\u00f2ria<\/em><br data-start=\"3840\" data-end=\"3843\" \/>\ud83d\udcde 93 470 02 18<br data-start=\"3858\" data-end=\"3861\" \/>\u2709\ufe0f <a class=\"decorated-link cursor-pointer\" rel=\"noopener\" data-start=\"3864\" data-end=\"3884\">museus@esplugues.cat<\/a><\/p>\n<h3 data-start=\"3806\" data-end=\"3896\"><span style=\"color: #808000;\"><a style=\"color: #808000;\" href=\"https:\/\/entradas.codetickets.com\/entradas\/gaudi-i-esplugues\/ajuntamentesplugues\/online\">Inscripcions obertes<\/a><\/span><\/h3>\n<p data-start=\"3806\" data-end=\"3896\" data-is-last-node=\"\" data-is-only-node=\"\">Activitat inclosa en la programaci\u00f3 de :<\/p>\n<p data-start=\"3806\" data-end=\"3896\" data-is-last-node=\"\" data-is-only-node=\"\"><img loading=\"lazy\" decoding=\"async\" class=\"alignnone wp-image-46372\" src=\"https:\/\/museus.esplugues.cat\/wp-content\/uploads\/2025\/12\/ma.png\" alt=\"\" width=\"150\" height=\"161\" \/><\/p>\n<\/div><div class='clear'><\/div>\n\t\t\t\t\t\t\t\t<\/div>\n\t\t\t\t\t\t\t<\/div>\n\t\t\t\t\t\t<\/div><div class='evo_metarow_time evorow evcal_evdata_row bordb evcal_evrow_sm '>\n\t\t\t\t\t\t\t<span class='evcal_evdata_icons'><i class='fa fa-clock-o'><\/i><\/span>\n\t\t\t\t\t\t\t<div class='evcal_evdata_cell'>\t\t\t\t\t\t\t\n\t\t\t\t\t\t\t\t<h3 class='evo_h3'><span class='evcal_evdata_icons'><i class='fa fa-clock-o'><\/i><\/span>Horari<\/h3><p>10:30 - 13:30<\/p>\n\t\t\t\t\t\t\t<\/div>\n\t\t\t\t\t\t<\/div>\t\t\t\t\t\t<div class='evo_metarow_ICS evorow bordb evcal_evdata_row'>\n\t\t\t\t\t\t\t<span class=\"evcal_evdata_icons\"><i class=\"fa fa-calendar\"><\/i><\/span>\n\t\t\t\t\t\t\t<div class='evcal_evdata_cell'>\n\t\t\t\t\t\t\t\t<p><a href='https:\/\/museus.esplugues.cat\/wp-admin\/admin-ajax.php?action=eventon_ics_download&amp;event_id=47072&amp;sunix=20260510T083000Z&amp;eunix=20260510T113000Z&amp;loca=&amp;locn=' class='evo_ics_nCal' title='Add to your calendar'>Calendar<\/a><a href='\/\/www.google.com\/calendar\/event?action=TEMPLATE&amp;text=Visites+guiades&amp;dates=20260510T083000Z\/20260510T113000Z&amp;details=Gaud%C3%AD+i+Esplugues%F0%9F%93%85+Museu+de+cer%C3%A0mica+La+Rajoleta%0D%0A%0D%0AAmb+motiu+de+l%E2%80%99Any+Gaud%C3%AD%2C+proposem+una+nova+manera+de+con%C3%A8ixer+la+relaci%C3%B3+del+genial+arquitecte&amp;location= - ' target='_blank' class='evo_ics_gCal' title='Add to google calendar'>GoogleCal<\/a><\/p>\t\n\t\t\t\t\t\t\t<\/div>\t\t\t\t\t\t<\/div>\n\t\t\t\t\t\t<div class='bordb evo_metarow_socialmedia evcal_evdata_row'><div class='evo_sm FacebookShare'><a class=\" evo_ss\" target=\"_blank\" onclick=\"javascript:window.open(this.href, '', 'left=50,top=50,width=600,height=350,toolbar=0');return false;\"\n\t\t\t\t\t\t\t\thref=\"http:\/\/www.facebook.com\/sharer.php?u=https%3A%2F%2Fmuseus.esplugues.cat%2Fes%2Fevents%2Fgaudiespluguesmaig\"><i class=\"fa fa-facebook\"><\/i><\/a><\/div><div class='evo_sm Twitter'><a class=\"tw evo_ss\" onclick=\"javascript:window.open(this.href, '', 'menubar=no,toolbar=no,resizable=yes,scrollbars=yes,height=300,width=600');return false;\" href=\"http:\/\/twitter.com\/share?text=Visites guiades&#32;-&#32;&url=https%3A%2F%2Fmuseus.esplugues.cat%2Fes%2Fevents%2Fgaudiespluguesmaig\" title=\"Share on Twitter\" rel=\"nofollow\" target=\"_blank\" data-url=\"https%3A%2F%2Fmuseus.esplugues.cat%2Fes%2Fevents%2Fgaudiespluguesmaig\"><i class=\"fa fa-twitter\"><\/i><\/a><\/div><div class='clear'><\/div><\/div><\/div><div class='clear end'><\/div><\/div><div id=\"event_47082\" class=\"eventon_list_event evo_eventtop  event hasbgimg\" data-event_id=\"47082\" data-time=\"1779618600-1779622200\" data-colr=\"#8e9451\" itemscope itemtype='http:\/\/schema.org\/Event' 2><div class=\"evo_boxtop\" style=\"background-image: url(https:\/\/museus.esplugues.cat\/wp-content\/uploads\/2026\/01\/VG-LR-300x200-1.jpg); background-color:#8e9451;height:200px;\"><\/div><div class=\"evo_event_schema\" style=\"display:none\" ><a itemprop='url'  href='https:\/\/museus.esplugues.cat\/es\/events\/visites-guiadeslarajoletamaig2'><\/a><span itemprop='name'  >Visita guiadas<\/span><meta itemprop='image' content='https:\/\/museus.esplugues.cat\/wp-content\/uploads\/2026\/01\/VG-LR-300x200-1.jpg' ><\/meta><meta itemprop='description' content='Visita guiada al Museu de cer\u00e0mica La Rajoleta\n\nNos adentraremos en un recinto excepcional por su riqueza patrimonial.\n\nDurant la visita, s\u2019explica l\u2019evoluci\u00f3 tecnol\u00f2gica, la hist\u00f2ria de la f\u00e0brica i la import\u00e0ncia' ><\/meta><meta itemprop='startDate' content='2026-5-24' ><\/meta><meta itemprop='endDate' content='2026-5-24' ><\/meta><meta itemprop='eventStatus' content='on-schedule' ><\/meta><script type=\"application\/ld+json\">{\t\"@context\": \"http:\/\/schema.org\",\n\t\t\t\t\t\t\t  \t\"@type\": \"Event\",\n\t\t\t\t\t\t\t  \t\"name\": \"Visita guiadas\",\n\t\t\t\t\t\t\t  \t\"startDate\": \"2026-5-24T10-10-30-00\",\n\t\t\t\t\t\t\t  \t\"endDate\": \"2026-5-24T11-11-30-00\",\n\t\t\t\t\t\t\t  \t\"image\":\"https:\/\/museus.esplugues.cat\/wp-content\/uploads\/2026\/01\/VG-LR-300x200-1.jpg\",\n\t\t\t\t\t\t\t  \t\"description\":\"Visita guiada al Museu de cer\u00e0mica La Rajoleta\n\nNos adentraremos en un recinto excepcional por su riqueza patrimonial.\n\nDurant la visita, s\u2019explica l\u2019evoluci\u00f3 tecnol\u00f2gica, la hist\u00f2ria de la f\u00e0brica i la import\u00e0ncia\",\n\t\t\t\t\t\t\t  \t\n\t\t\t\t\t\t\t }\n\t\t\t\t\t\t\t<\/script><\/div>\n\t\t\t\t<p class=\"desc_trig_outter\"><a data-gmap_status=\"null\" data-exlk=\"0\" style=\"border-color: #8e9451;padding-top: 215px;height: 310px;\" id=\"evc_177961860047082\" class=\"desc_trig sin_val evcal_list_a\" data-ux_val=\"3\"  ><span class='evcal_cblock ' data-bgcolor='#8e9451' data-smon='maig' data-syr='2026'><span class='evo_start '><em class='date'>24<\/em><em class='month'>mai<\/em><em class='time'>10:30<\/em><\/span><span class='evo_end only_time'><em class='time'>11:30<\/em><\/span><em class='clear'><\/em><\/span><span class='evcal_desc evo_info hide_eventtopdata '  data-location_status=\"false\" ><span class='evo_above_title'><\/span><span class='evcal_desc2 evcal_event_title' itemprop='name'>Visita guiadas<\/span><span class='evo_below_title'><span class='evcal_event_subtitle' >Visita guiada a La Rajoleta<\/span><\/span><span class='evcal_desc_info' ><\/span><span class='evcal_desc3'><\/span><\/span><em class='clear'><\/em><\/p><\/a><div class='event_description evcal_eventcard ' style=\"display:none\"><div class='evo_metarow_directimg'><img src='https:\/\/museus.esplugues.cat\/wp-content\/uploads\/2026\/01\/VG-LR-300x200-1.jpg' \/><\/div><div class='evo_metarow_details evorow evcal_evdata_row bordb evcal_event_details'>\n\t\t\t\t\t\t\t<div class=\"event_excerpt\" style=\"display:none\"><h3 class=\"padb5 evo_h3\">Descripci\u00f3<\/h3><p>Visita guiada al Museu de cer\u00e0mica La Rajoleta\n\nNos adentraremos en un recinto excepcional por su riqueza patrimonial.\n\nDurant la visita, s\u2019explica l\u2019evoluci\u00f3 tecnol\u00f2gica, la hist\u00f2ria de la f\u00e0brica i la import\u00e0ncia<\/p><\/div><span class='evcal_evdata_icons'><i class='fa fa-align-justify'><\/i><\/span>\n\t\t\t\t\t\t\t\n\t\t\t\t\t\t\t<div class='evcal_evdata_cell shorter_desc'><div class='eventon_details_shading_bot'>\n\t\t\t\t\t\t\t\t<p class='eventon_shad_p' content='less'><span class='ev_more_text' data-txt='less'>more<\/span><span class='ev_more_arrow'><\/span><\/p>\n\t\t\t\t\t\t\t<\/div><div class='eventon_full_description'>\n\t\t\t\t\t\t\t\t\t<h3 class='padb5 evo_h3'><span class='evcal_evdata_icons'><i class='fa fa-align-justify'><\/i><\/span>Descripci\u00f3<\/h3><div class='eventon_desc_in' itemprop='description'>\n\t\t\t\t\t\t\t\t\t<p>Visita guiada al Museu de cer\u00e0mica La Rajoleta<\/p>\n<p>Nos adentraremos en un recinto excepcional por su riqueza patrimonial.<\/p>\n<p>Durant la visita, s\u2019explica l\u2019evoluci\u00f3 tecnol\u00f2gica, la hist\u00f2ria de la f\u00e0brica i la import\u00e0ncia art\u00edstica de la seva producci\u00f3, i se\u2019n destaquen els impressionants forns d\u2019ampolla de grans dimensions i la relaci\u00f3 de la f\u00e0brica amb grans arquitectes del Modernisme, com Puig i Cadafalch, Dom\u00e8nech i Montaner o Antoni Gaud\u00ed.<\/p>\n<p>A las 12 h, se ofrece la visita guiada a la exposici\u00f3n temporal \u00abGalliss\u00e0, un modernista neog\u00f3tico\u00bb<\/p>\n<p data-start=\"3627\" data-end=\"3675\"><strong data-start=\"3627\" data-end=\"3673\">Informaci\u00f3n pr\u00e1ctica de las visitas guiadas<\/strong><\/p>\n<ul data-start=\"3676\" data-end=\"3804\">\n<li data-start=\"3676\" data-end=\"3712\">\n<p data-start=\"3678\" data-end=\"3712\">\ud83d\udd65 10.30 h<\/p>\n<\/li>\n<li data-start=\"3713\" data-end=\"3741\">\n<p data-start=\"3715\" data-end=\"3741\">\ud83d\udcb6 Precio: 3 \u20ac por persona<\/p>\n<\/li>\n<li data-start=\"3742\" data-end=\"3804\">\n<p data-start=\"3744\" data-end=\"3804\">\ud83d\udccd Punto de encuentro: Museo Can Tintur\u00e9 (c. de la Iglesia, 36)<\/p>\n<\/li>\n<\/ul>\n<p data-start=\"3806\" data-end=\"3896\" data-is-last-node=\"\" data-is-only-node=\"\">\ud83d\udccc I<em data-start=\"3809\" data-end=\"3840\">nscripci\u00f3n previa obligatoria<\/em><br data-start=\"3840\" data-end=\"3843\">\ud83d\udcde 93 470 02 18<br data-start=\"3858\" data-end=\"3861\">\u2709\ufe0f <a class=\"decorated-link cursor-pointer\" rel=\"noopener\" data-start=\"3864\" data-end=\"3884\">museus@esplugues.cat<\/a><\/p>\n<h3 data-start=\"3806\" data-end=\"3896\"><br data-start=\"3884\" data-end=\"3887\"><a href=\"https:\/\/entradas.codetickets.com\/entradas\/visites-guiades-al-museu-de-ceramica-la-rajoleta\/ajuntamentesplugues\/online\">\ud83c\udf10 Inscripciones abiertas<\/a><\/h3>\n<\/div><div class='clear'><\/div>\n\t\t\t\t\t\t\t\t<\/div>\n\t\t\t\t\t\t\t<\/div>\n\t\t\t\t\t\t<\/div><div class='evo_metarow_time_location evorow bordb '>\n\t\t\t\t\t\t<div class='tb' >\n\t\t\t\t\t\t\t<div class='tbrow'>\n\t\t\t\t\t\t\t<div class='evcal_col50 bordr'>\n\t\t\t\t\t\t\t\t<div class='evcal_evdata_row evo_time'>\n\t\t\t\t\t\t\t\t\t<span class='evcal_evdata_icons'><i class='fa fa-clock-o'><\/i><\/span>\n\t\t\t\t\t\t\t\t\t<div class='evcal_evdata_cell'>\t\t\t\t\t\t\t\n\t\t\t\t\t\t\t\t\t\t<h3 class='evo_h3'><span class='evcal_evdata_icons'><i class='fa fa-clock-o'><\/i><\/span>Horari<\/h3>\n\t\t\t\t\t\t\t\t\t\t<p>10:30 - 11:30<\/p>\n\t\t\t\t\t\t\t\t\t<\/div>\n\t\t\t\t\t\t\t\t<\/div>\n\t\t\t\t\t\t\t<\/div><div class='evcal_col50'>\n\t\t\t\t\t\t\t\t<div class='evcal_evdata_row evo_location'>\n\t\t\t\t\t\t\t\t\t<span class='evcal_evdata_icons'><i class='fa fa-map-marker'><\/i><\/span>\n\t\t\t\t\t\t\t\t\t<div class='evcal_evdata_cell' data-loc_tax_id='879'>\t\t\t\t\t\t\t\n\t\t\t\t\t\t\t\t\t\t<h3 class='evo_h3'><span class='evcal_evdata_icons'><i class='fa fa-map-marker'><\/i><\/span>Localitzaci\u00f3<\/h3><p class='evo_location_name'>Museu Can Tintur\u00e9<\/p><p><\/p>\n\t\t\t\t\t\t\t\t\t<\/div>\n\t\t\t\t\t\t\t\t<\/div>\n\t\t\t\t\t\t\t<\/div><div class='clear'><\/div>\n\t\t\t\t\t\t\t<\/div><\/div>\n\t\t\t\t\t\t<\/div>\t\t\t\t\t\t<div class='evo_metarow_ICS evorow bordb evcal_evdata_row'>\n\t\t\t\t\t\t\t<span class=\"evcal_evdata_icons\"><i class=\"fa fa-calendar\"><\/i><\/span>\n\t\t\t\t\t\t\t<div class='evcal_evdata_cell'>\n\t\t\t\t\t\t\t\t<p><a href='https:\/\/museus.esplugues.cat\/wp-admin\/admin-ajax.php?action=eventon_ics_download&amp;event_id=47082&amp;sunix=20260524T083000Z&amp;eunix=20260524T093000Z&amp;loca=&amp;locn=Museu Can Tintur\u00e9' class='evo_ics_nCal' title='Add to your calendar'>Calendar<\/a><a href='\/\/www.google.com\/calendar\/event?action=TEMPLATE&amp;text=Visita+guiadas&amp;dates=20260524T083000Z\/20260524T093000Z&amp;details=Visita+guiada+al+Museu+de+cer%C3%A0mica+La+Rajoleta%0A%0ANos+adentraremos+en+un+recinto+excepcional+por+su+riqueza+patrimonial.%0A%0ADurant+la+visita%2C+s%E2%80%99explica+l%E2%80%99evoluci%C3%B3+tecnol%C3%B2gica%2C+la+hist%C3%B2ria+de+la+f%C3%A0brica+i+la+import%C3%A0ncia&amp;location=Museu+Can+Tintur%C3%A9 - ' target='_blank' class='evo_ics_gCal' title='Add to google calendar'>GoogleCal<\/a><\/p>\t\n\t\t\t\t\t\t\t<\/div>\t\t\t\t\t\t<\/div>\n\t\t\t\t\t\t<div class='bordb evo_metarow_socialmedia evcal_evdata_row'><div class='evo_sm FacebookShare'><a class=\" evo_ss\" target=\"_blank\" onclick=\"javascript:window.open(this.href, '', 'left=50,top=50,width=600,height=350,toolbar=0');return false;\"\n\t\t\t\t\t\t\t\thref=\"http:\/\/www.facebook.com\/sharer.php?u=https%3A%2F%2Fmuseus.esplugues.cat%2Fes%2Fevents%2Fvisites-guiadeslarajoletamaig2\"><i class=\"fa fa-facebook\"><\/i><\/a><\/div><div class='evo_sm Twitter'><a class=\"tw evo_ss\" onclick=\"javascript:window.open(this.href, '', 'menubar=no,toolbar=no,resizable=yes,scrollbars=yes,height=300,width=600');return false;\" href=\"http:\/\/twitter.com\/share?text=Visita guiadas&#32;-&#32;&url=https%3A%2F%2Fmuseus.esplugues.cat%2Fes%2Fevents%2Fvisites-guiadeslarajoletamaig2\" title=\"Share on Twitter\" rel=\"nofollow\" target=\"_blank\" data-url=\"https%3A%2F%2Fmuseus.esplugues.cat%2Fes%2Fevents%2Fvisites-guiadeslarajoletamaig2\"><i class=\"fa fa-twitter\"><\/i><\/a><\/div><div class='clear'><\/div><\/div><\/div><div class='clear end'><\/div><\/div>\t\t\t<div class='clear'><\/div>\n\t\t\t<\/div><!-- #evcal_list-->\n\t\t\t<div class='clear'><\/div>\n\t\n\t\t\t\n\t\t\t\t\t\t<\/div><!-- .ajde_evcal_calendar-->\n\n\t\t\t[\/et_pb_code][\/et_pb_column][et_pb_column type=\u00bb1_4&#8243; disabled_on=\u00bboff|off|off\u00bb _builder_version=\u00bb4.16&#8243; background_enable_color=\u00bboff\u00bb border_radii=\u00bbon|8px|8px|8px|8px\u00bb global_colors_info=\u00bb{}\u00bb custom_padding__hover=\u00bb|||\u00bb][et_pb_blurb url=\u00bbhttps:\/\/museus.esplugues.cat\/subscripcio-mailing\u00bb image=\u00bbhttps:\/\/museus.esplugues.cat\/wp-content\/uploads\/2020\/06\/mail.png\u00bb image_icon_width=\u00bb50%\u00bb disabled_on=\u00bbon|on|off\u00bb _builder_version=\u00bb4.27.4&#8243; background_color=\u00bb#f2f3eb\u00bb custom_padding=\u00bb20px|20px|20px|20px|false|false\u00bb box_shadow_style=\u00bbpreset2&#8243; image_max_width=\u00bb50%\u00bb global_colors_info=\u00bb{}\u00bb]<\/p>\n<p style=\"text-align: center;\">\u00bfQuieres recibir m\u00e1s informaci\u00f3n sobre los museos de Esplugues de Llobregat?<\/p>\n<p style=\"text-align: center;\"><strong><a href=\"https:\/\/museus.esplugues.cat\/es\/suscripcion-mailing\">SUBSCR\u00cdBETE<\/a><\/strong><\/p>\n<p>[\/et_pb_blurb][et_pb_text disabled_on=\u00bbon|on|off\u00bb _builder_version=\u00bb4.27.4&#8243; custom_margin=\u00bb63px|||||\u00bb global_colors_info=\u00bb{}\u00bb]<\/p>\n<h3 style=\"text-align: center;\">NUESTRAS REDES SOCIALES<\/h3>\n<p>[\/et_pb_text][et_pb_image src=\u00bbhttps:\/\/museus.esplugues.cat\/wp-content\/uploads\/2020\/06\/twitter.png\u00bb title_text=\u00bbtwitter\u00bb url=\u00bbhttps:\/\/twitter.com\/MuseusEsplugues\u00bb url_new_window=\u00bbon\u00bb disabled_on=\u00bbon|on|off\u00bb _builder_version=\u00bb4.27.4&#8243; width=\u00bb30%\u00bb module_alignment=\u00bbcenter\u00bb global_colors_info=\u00bb{}\u00bb][\/et_pb_image][et_pb_image src=\u00bbhttps:\/\/museus.esplugues.cat\/wp-content\/uploads\/2020\/06\/facebook.png\u00bb title_text=\u00bbfacebook\u00bb url=\u00bbhttps:\/\/www.facebook.com\/MuseusdEsplugues\u00bb url_new_window=\u00bbon\u00bb disabled_on=\u00bbon|on|off\u00bb _builder_version=\u00bb4.24.3&#8243; width=\u00bb30%\u00bb module_alignment=\u00bbcenter\u00bb global_colors_info=\u00bb{}\u00bb][\/et_pb_image][et_pb_image src=\u00bbhttps:\/\/museus.esplugues.cat\/wp-content\/uploads\/2020\/06\/instagram.png\u00bb title_text=\u00bbinstagram\u00bb url=\u00bbhttps:\/\/www.instagram.com\/museus_esplugues\/\u00bb url_new_window=\u00bbon\u00bb disabled_on=\u00bbon|on|off\u00bb _builder_version=\u00bb4.24.3&#8243; width=\u00bb30%\u00bb module_alignment=\u00bbcenter\u00bb global_colors_info=\u00bb{}\u00bb][\/et_pb_image][\/et_pb_column][\/et_pb_row][\/et_pb_section][et_pb_section fb_built=\u00bb1&#8243; disabled_on=\u00bboff|off|off\u00bb _builder_version=\u00bb4.23.1&#8243; _dynamic_attributes=\u00bblink_option_url\u00bb background_color=\u00bb#f9f9f9&#8243; link_option_url=\u00bb@ET-DC@eyJkeW5hbWljIjp0cnVlLCJjb250ZW50IjoicG9zdF9saW5rX3VybF9wYWdlIiwic2V0dGluZ3MiOnsicG9zdF9pZCI6IjI2OTA0In19@\u00bb global_colors_info=\u00bb{}\u00bb][et_pb_row disabled_on=\u00bboff|off|off\u00bb _builder_version=\u00bb4.23.1&#8243; _module_preset=\u00bbdefault\u00bb global_colors_info=\u00bb{}\u00bb][et_pb_column type=\u00bb4_4&#8243; _builder_version=\u00bb4.23.1&#8243; _module_preset=\u00bbdefault\u00bb global_colors_info=\u00bb{}\u00bb][et_pb_text disabled_on=\u00bboff|off|off\u00bb _builder_version=\u00bb4.23.1&#8243; header_3_font_size=\u00bb35px\u00bb global_colors_info=\u00bb{}\u00bb]<\/p>\n<h3>NUESTROS MUSEOS&#8230;<\/h3>\n<p>[\/et_pb_text][\/et_pb_column][\/et_pb_row][et_pb_row column_structure=\u00bb1_2,1_2&#8243; disabled_on=\u00bboff|off|off\u00bb _builder_version=\u00bb4.23.1&#8243; _module_preset=\u00bbdefault\u00bb global_colors_info=\u00bb{}\u00bb][et_pb_column type=\u00bb1_2&#8243; _builder_version=\u00bb4.23.1&#8243; _module_preset=\u00bbdefault\u00bb global_colors_info=\u00bb{}\u00bb][et_pb_image src=\u00bbhttps:\/\/museus.esplugues.cat\/wp-content\/uploads\/2024\/02\/CT_HOME.jpg\u00bb title_text=\u00bbCT_HOME\u00bb url=\u00bb@ET-DC@eyJkeW5hbWljIjp0cnVlLCJjb250ZW50IjoicG9zdF9saW5rX3VybF9wYWdlIiwic2V0dGluZ3MiOnsicG9zdF9pZCI6IjM2OTExIn19@\u00bb _builder_version=\u00bb4.23.1&#8243; _dynamic_attributes=\u00bburl\u00bb _module_preset=\u00bbdefault\u00bb global_colors_info=\u00bb{}\u00bb][\/et_pb_image][et_pb_button button_url=\u00bb@ET-DC@eyJkeW5hbWljIjp0cnVlLCJjb250ZW50IjoicG9zdF9saW5rX3VybF9wYWdlIiwic2V0dGluZ3MiOnsicG9zdF9pZCI6IjI2NDA3In19@\u00bb button_text=\u00bbMuseo Can Tintur\u00e9\u00bb button_alignment=\u00bbcenter\u00bb _builder_version=\u00bb4.23.1&#8243; _dynamic_attributes=\u00bbbutton_url\u00bb _module_preset=\u00bbdefault\u00bb global_colors_info=\u00bb{}\u00bb][\/et_pb_button][\/et_pb_column][et_pb_column type=\u00bb1_2&#8243; _builder_version=\u00bb4.21.0&#8243; _module_preset=\u00bbdefault\u00bb global_colors_info=\u00bb{}\u00bb][et_pb_image src=\u00bbhttps:\/\/museus.esplugues.cat\/wp-content\/uploads\/2024\/02\/LR_HOME.jpg\u00bb title_text=\u00bbLR_HOME\u00bb url=\u00bb@ET-DC@eyJkeW5hbWljIjp0cnVlLCJjb250ZW50IjoicG9zdF9saW5rX3VybF9wYWdlIiwic2V0dGluZ3MiOnsicG9zdF9pZCI6IjM2OTExIn19@\u00bb _builder_version=\u00bb4.23.1&#8243; _dynamic_attributes=\u00bburl\u00bb _module_preset=\u00bbdefault\u00bb max_width=\u00bb91%\u00bb global_colors_info=\u00bb{}\u00bb][\/et_pb_image][et_pb_button button_url=\u00bb@ET-DC@eyJkeW5hbWljIjp0cnVlLCJjb250ZW50IjoicG9zdF9saW5rX3VybF9wYWdlIiwic2V0dGluZ3MiOnsicG9zdF9pZCI6IjI2NDA3In19@\u00bb button_text=\u00bbMuseo de Cer\u00e1mica La Rajoleta\u00bb button_alignment=\u00bbcenter\u00bb _builder_version=\u00bb4.23.1&#8243; _dynamic_attributes=\u00bbbutton_url\u00bb _module_preset=\u00bbdefault\u00bb global_colors_info=\u00bb{}\u00bb][\/et_pb_button][\/et_pb_column][\/et_pb_row][et_pb_row disabled_on=\u00bboff|off|off\u00bb _builder_version=\u00bb4.16&#8243; global_colors_info=\u00bb{}\u00bb][et_pb_column type=\u00bb4_4&#8243; _builder_version=\u00bb4.16&#8243; global_colors_info=\u00bb{}\u00bb][et_pb_text disabled_on=\u00bboff|off|off\u00bb _builder_version=\u00bb4.16&#8243; header_3_font_size=\u00bb35px\u00bb global_colors_info=\u00bb{}\u00bb]<\/p>\n<h3>DESTACAMOS<\/h3>\n<p>[\/et_pb_text][\/et_pb_column][\/et_pb_row][et_pb_row column_structure=\u00bb1_3,1_3,1_3&#8243; use_custom_gutter=\u00bbon\u00bb gutter_width=\u00bb4&#8243; disabled_on=\u00bboff|off|off\u00bb _builder_version=\u00bb4.23.1&#8243; custom_margin=\u00bb-15px|auto||auto|false|false\u00bb custom_padding=\u00bb0px||||false|false\u00bb global_colors_info=\u00bb{}\u00bb][et_pb_column type=\u00bb1_3&#8243; _builder_version=\u00bb4.16&#8243; background_color=\u00bbrgba(194,198,162,0.21)\u00bb custom_padding=\u00bb15px|20px|15px|20px|false|false\u00bb border_color_all=\u00bb#8b9450&#8243; global_colors_info=\u00bb{}\u00bb][et_pb_image src=\u00bbhttps:\/\/museus.esplugues.cat\/wp-content\/uploads\/2026\/04\/Dones-36-miniatura.jpg\u00bb alt=\u00bbBases de la Biennal de cer\u00e0mica\u00bb title_text=\u00bbDones 36 miniatura\u00bb url=\u00bb@ET-DC@eyJkeW5hbWljIjp0cnVlLCJjb250ZW50IjoicG9zdF9saW5rX3VybF9wb3N0Iiwic2V0dGluZ3MiOnsicG9zdF9pZCI6IjQ3NDY4In19@\u00bb align=\u00bbcenter\u00bb _builder_version=\u00bb4.27.4&#8243; _dynamic_attributes=\u00bburl\u00bb background_enable_image=\u00bboff\u00bb custom_margin=\u00bb-15px|-20px||-20px|false|false\u00bb hover_enabled=\u00bb0&#8243; global_colors_info=\u00bb{}\u00bb sticky_enabled=\u00bb0&#8243;][\/et_pb_image][et_pb_text _builder_version=\u00bb4.27.4&#8243; _dynamic_attributes=\u00bblink_option_url\u00bb header_2_font_size=\u00bb20px\u00bb custom_margin=\u00bb||16px|||\u00bb link_option_url=\u00bb@ET-DC@eyJkeW5hbWljIjp0cnVlLCJjb250ZW50IjoicG9zdF9saW5rX3VybF9wb3N0Iiwic2V0dGluZ3MiOnsicG9zdF9pZCI6IjQ2MjY2In19@\u00bb hover_enabled=\u00bb0&#8243; global_colors_info=\u00bb{}\u00bb sticky_enabled=\u00bb0&#8243;]<\/p>\n<h2 class=\"entry-title\">\u00abDones del 36\u00bb llena el Casal Robert Brillas con un emotivo acto contra el olvido<\/h2>\n<p>[\/et_pb_text][et_pb_text _builder_version=\u00bb4.27.4&#8243; _module_preset=\u00bbdefault\u00bb hover_enabled=\u00bb0&#8243; global_colors_info=\u00bb{}\u00bb sticky_enabled=\u00bb0&#8243;]<\/p>\n<p>El espect\u00e1culo \u00abDones del 36. Una lucha contra el fascismo\u00bb llen\u00f3 el Casal Robert Brillas de Esplugues en una representaci\u00f3n que combin\u00f3 rigor hist\u00f3rico, emoci\u00f3n y protesta pol\u00edtica.<\/p>\n<p>[\/et_pb_text][et_pb_button button_url=\u00bb@ET-DC@eyJkeW5hbWljIjp0cnVlLCJjb250ZW50IjoicG9zdF9saW5rX3VybF9wb3N0Iiwic2V0dGluZ3MiOnsicG9zdF9pZCI6IjQ3NDY4In19@\u00bb button_text=\u00bbSeguir leyendo\u00bb button_alignment=\u00bbcenter\u00bb _builder_version=\u00bb4.27.4&#8243; _dynamic_attributes=\u00bbbutton_url\u00bb hover_enabled=\u00bb0&#8243; global_colors_info=\u00bb{}\u00bb sticky_enabled=\u00bb0&#8243;][\/et_pb_button][\/et_pb_column][et_pb_column type=\u00bb1_3&#8243; _builder_version=\u00bb4.16&#8243; background_color=\u00bbrgba(194,198,162,0.21)\u00bb custom_padding=\u00bb15px|20px|15px|20px|false|false\u00bb border_color_all=\u00bb#8b9450&#8243; global_colors_info=\u00bb{}\u00bb][et_pb_image src=\u00bbhttps:\/\/museus.esplugues.cat\/wp-content\/uploads\/2026\/04\/Sophie_-miniatura.jpg\u00bb alt=\u00bbBases de la Biennal de cer\u00e0mica\u00bb title_text=\u00bbSophie_ miniatura\u00bb url=\u00bb@ET-DC@eyJkeW5hbWljIjp0cnVlLCJjb250ZW50IjoicG9zdF9saW5rX3VybF9wb3N0Iiwic2V0dGluZ3MiOnsicG9zdF9pZCI6IjQ3MzQ4In19@\u00bb align=\u00bbcenter\u00bb _builder_version=\u00bb4.27.4&#8243; _dynamic_attributes=\u00bburl\u00bb background_enable_image=\u00bboff\u00bb custom_margin=\u00bb-15px|-20px||-20px|false|false\u00bb hover_enabled=\u00bb0&#8243; global_colors_info=\u00bb{}\u00bb sticky_enabled=\u00bb0&#8243;][\/et_pb_image][et_pb_text _builder_version=\u00bb4.27.4&#8243; _dynamic_attributes=\u00bblink_option_url\u00bb header_2_font_size=\u00bb20px\u00bb custom_margin=\u00bb||16px|||\u00bb link_option_url=\u00bb@ET-DC@eyJkeW5hbWljIjp0cnVlLCJjb250ZW50IjoicG9zdF9saW5rX3VybF9wb3N0Iiwic2V0dGluZ3MiOnsicG9zdF9pZCI6IjQ2MjE5In19@\u00bb hover_enabled=\u00bb0&#8243; global_colors_info=\u00bb{}\u00bb sticky_enabled=\u00bb0&#8243;]<\/p>\n<h3 class=\"tw-data-text tw-text-large tw-ta\" data-placeholder=\"Traducci\u00f3\" id=\"tw-target-text\" role=\"text\" data-ved=\"2ahUKEwisr4uc9KuSAxUsOfsDHTmiL4QQ3ewLegQIERAW\" dir=\"ltr\" aria-label=\"Text tradu\u00eft: Los Museos estrenan visitas guiadas todos los domingos a espacios emblem\u00e1ticos A partir de febrero, el Espai Corber\u00f3 y el Monasterio de Montsi\u00f3 se suman a La Rajoleta y Can Tintur\u00e9 como puntos de inter\u00e9s que se pueden visitar con gu\u00eda \u00a1Cada domingo, una nueva experiencia! Con este lema, los Museos de Esplugues estrenan a partir de febrero una nueva programaci\u00f3n de visitas guiadas mensuales para dar a conocer el rico patrimonio cultural que se concentra en el centro hist\u00f3rico del municipio. En pocos metros, existe un claustro g\u00f3tico, una casa modernista, los restos de una f\u00e1brica clave en la industrializaci\u00f3n catalana y un espacio art\u00edstico monumental, testimonio del arte de finales del siglo XX.\" tabindex=\"-1\">Los Museos de Esplugues destacan la figura de la ceramista Sophie Aguilera Lester, en el marco de las celebraciones del 8 de marzo<\/h3>\n<p>[\/et_pb_text][et_pb_text _builder_version=\u00bb4.27.4&#8243; _module_preset=\u00bbdefault\u00bb hover_enabled=\u00bb0&#8243; global_colors_info=\u00bb{}\u00bb sticky_enabled=\u00bb0&#8243;]<\/p>\n<p class=\"tw-data-text tw-text-large tw-ta\" data-placeholder=\"Traducci\u00f3\" id=\"tw-target-text\" role=\"text\" data-ved=\"2ahUKEwisr4uc9KuSAxUsOfsDHTmiL4QQ3ewLegQIERAW\" dir=\"ltr\" aria-label=\"Text tradu\u00eft: Los Museos estrenan visitas guiadas todos los domingos a espacios emblem\u00e1ticos A partir de febrero, el Espai Corber\u00f3 y el Monasterio de Montsi\u00f3 se suman a La Rajoleta y Can Tintur\u00e9 como puntos de inter\u00e9s que se pueden visitar con gu\u00eda \u00a1Cada domingo, una nueva experiencia! Con este lema, los Museos de Esplugues estrenan a partir de febrero una nueva programaci\u00f3n de visitas guiadas mensuales para dar a conocer el rico patrimonio cultural que se concentra en el centro hist\u00f3rico del municipio. En pocos metros, existe un claustro g\u00f3tico, una casa modernista, los restos de una f\u00e1brica clave en la industrializaci\u00f3n catalana y un espacio art\u00edstico monumental, testimonio del arte de finales del siglo XX.\" tabindex=\"-1\">Los Museos de Esplugues han centrado su programaci\u00f3n del Mes de la Mujer en la ceramista Sophie Aguilera Lester, una de las voces emergentes m\u00e1s destacadas de la cer\u00e1mica art\u00edstica contempor\u00e1nea. La iniciativa incluye una nueva edici\u00f3n de la serie \u00abPetites hist\u00f2ries, grans dones\u00bb y la exposici\u00f3n ef\u00edmera \u00abSensibilitat a flor de cer\u00e0mica\u00bb.<\/p>\n<p>[\/et_pb_text][et_pb_button button_url=\u00bb@ET-DC@eyJkeW5hbWljIjp0cnVlLCJjb250ZW50IjoicG9zdF9saW5rX3VybF9wb3N0Iiwic2V0dGluZ3MiOnsicG9zdF9pZCI6IjQ3MzQ4In19@\u00bb button_text=\u00bbSeguir leyendo&#8230;\u00bb button_alignment=\u00bbcenter\u00bb _builder_version=\u00bb4.27.4&#8243; _dynamic_attributes=\u00bbbutton_url\u00bb hover_enabled=\u00bb0&#8243; global_colors_info=\u00bb{}\u00bb sticky_enabled=\u00bb0&#8243;][\/et_pb_button][\/et_pb_column][et_pb_column type=\u00bb1_3&#8243; _builder_version=\u00bb4.16&#8243; background_color=\u00bbrgba(194,198,162,0.21)\u00bb custom_padding=\u00bb15px|20px|15px|20px|false|false\u00bb border_color_all=\u00bb#8b9450&#8243; global_colors_info=\u00bb{}\u00bb][et_pb_image src=\u00bbhttps:\/\/museus.esplugues.cat\/wp-content\/uploads\/2026\/04\/Porcellana_miniatura.jpg\u00bb alt=\u00bbBases de la Biennal de cer\u00e0mica\u00bb title_text=\u00bbPorcellana_miniatura\u00bb url=\u00bb@ET-DC@eyJkeW5hbWljIjp0cnVlLCJjb250ZW50IjoicG9zdF9saW5rX3VybF9wb3N0Iiwic2V0dGluZ3MiOnsicG9zdF9pZCI6IjQ3Mjk4In19@\u00bb align=\u00bbcenter\u00bb _builder_version=\u00bb4.27.4&#8243; _dynamic_attributes=\u00bburl\u00bb background_enable_image=\u00bboff\u00bb custom_margin=\u00bb-15px|-20px||-20px|false|false\u00bb hover_enabled=\u00bb0&#8243; global_colors_info=\u00bb{}\u00bb sticky_enabled=\u00bb0&#8243;][\/et_pb_image][et_pb_text _builder_version=\u00bb4.27.4&#8243; _dynamic_attributes=\u00bblink_option_url\u00bb header_2_font_size=\u00bb20px\u00bb custom_margin=\u00bb||16px|||\u00bb link_option_url=\u00bb@ET-DC@eyJkeW5hbWljIjp0cnVlLCJjb250ZW50IjoicG9zdF9saW5rX3VybF9wb3N0Iiwic2V0dGluZ3MiOnsicG9zdF9pZCI6IjQ2MDM0In19@\u00bb hover_enabled=\u00bb0&#8243; global_colors_info=\u00bb{}\u00bb sticky_enabled=\u00bb0&#8243;]<\/p>\n<h3 class=\"entry-title\">Los Museos de Esplugues re\u00fanen a especialistas de todo el pa\u00eds para explorar los or\u00edgenes de la porcelana<\/h3>\n<p>[\/et_pb_text][et_pb_text _builder_version=\u00bb4.27.4&#8243; _module_preset=\u00bbdefault\u00bb hover_enabled=\u00bb0&#8243; global_colors_info=\u00bb{}\u00bb sticky_enabled=\u00bb0&#8243;]<\/p>\n<p>El s\u00e1bado 28 de febrero se celebr\u00f3 en el Casal Robert Brillas la I Jornada de Cer\u00e1mica Hist\u00f3rica, organizada conjuntamente por los Museos de Esplugues y la Asociaci\u00f3n Catalana de Cer\u00e1mica. Bajo el t\u00edtulo \u00abLos caminos de la porcelana\u00bb, el encuentro reuni\u00f3 a especialistas y personas interesadas en la historia de este material en una jornada dedicada a profundizar en sus or\u00edgenes y evoluci\u00f3n.<\/p>\n<p>[\/et_pb_text][et_pb_button button_url=\u00bb@ET-DC@eyJkeW5hbWljIjp0cnVlLCJjb250ZW50IjoicG9zdF9saW5rX3VybF9wb3N0Iiwic2V0dGluZ3MiOnsicG9zdF9pZCI6IjQ3Mjk4In19@\u00bb button_text=\u00bbSeguir leyendo\u00bb button_alignment=\u00bbcenter\u00bb _builder_version=\u00bb4.27.4&#8243; _dynamic_attributes=\u00bbbutton_url\u00bb hover_enabled=\u00bb0&#8243; global_colors_info=\u00bb{}\u00bb sticky_enabled=\u00bb0&#8243;][\/et_pb_button][\/et_pb_column][\/et_pb_row][et_pb_row column_structure=\u00bb1_3,1_3,1_3&#8243; use_custom_gutter=\u00bbon\u00bb gutter_width=\u00bb4&#8243; disabled_on=\u00bboff|off|off\u00bb _builder_version=\u00bb4.23.1&#8243; custom_margin=\u00bb-15px|auto||auto|false|false\u00bb custom_padding=\u00bb0px||||false|false\u00bb global_colors_info=\u00bb{}\u00bb][et_pb_column type=\u00bb1_3&#8243; _builder_version=\u00bb4.16&#8243; background_color=\u00bbrgba(194,198,162,0.21)\u00bb custom_padding=\u00bb15px|20px|15px|20px|false|false\u00bb border_color_all=\u00bb#8b9450&#8243; global_colors_info=\u00bb{}\u00bb][et_pb_image src=\u00bbhttps:\/\/museus.esplugues.cat\/wp-content\/uploads\/2026\/02\/Miniatura-2-650-x-488.png\u00bb alt=\u00bbBases de la Biennal de cer\u00e0mica\u00bb title_text=\u00bbMiniatura 2 650 x 488&#8243; url=\u00bb@ET-DC@eyJkeW5hbWljIjp0cnVlLCJjb250ZW50IjoicG9zdF9saW5rX3VybF9wYWdlIiwic2V0dGluZ3MiOnsicG9zdF9pZCI6IjQ2NjA3In19@\u00bb align=\u00bbcenter\u00bb _builder_version=\u00bb4.27.4&#8243; _dynamic_attributes=\u00bburl\u00bb background_enable_image=\u00bboff\u00bb custom_margin=\u00bb-15px|-20px||-20px|false|false\u00bb hover_enabled=\u00bb0&#8243; global_colors_info=\u00bb{}\u00bb sticky_enabled=\u00bb0&#8243;][\/et_pb_image][et_pb_text _builder_version=\u00bb4.27.4&#8243; _dynamic_attributes=\u00bblink_option_url\u00bb header_2_font_size=\u00bb20px\u00bb custom_margin=\u00bb||16px|||\u00bb link_option_url=\u00bb@ET-DC@eyJkeW5hbWljIjp0cnVlLCJjb250ZW50IjoicG9zdF9saW5rX3VybF9wb3N0Iiwic2V0dGluZ3MiOnsicG9zdF9pZCI6IjQ2MjY2In19@\u00bb hover_enabled=\u00bb0&#8243; global_colors_info=\u00bb{}\u00bb sticky_enabled=\u00bb0&#8243;]<\/p>\n<h2 class=\"entry-title\">Galliss\u00e0, un modernista neog\u00f2tic<\/h2>\n<p><span style=\"text-decoration: underline;\">Nova exposici\u00f3 temporal<\/span><\/p>\n<p>La propuesta, ubicada en La Masoveria de Can Tintur\u00e9, nos invita a redescubrir la figura de <strong>Antoni Maria Galliss\u00e0 i Soqu\u00e9 (1861-1903),<\/strong> un arquitecto fundamental que a menudo ha quedado eclipsado por otros contempor\u00e1neos del modernismo catal\u00e1n.<\/p>\n<p>[\/et_pb_text][et_pb_button button_url=\u00bb@ET-DC@eyJkeW5hbWljIjp0cnVlLCJjb250ZW50IjoicG9zdF9saW5rX3VybF9wYWdlIiwic2V0dGluZ3MiOnsicG9zdF9pZCI6IjQ2NjA3In19@\u00bb button_text=\u00bbSeguir leyendo\u00bb button_alignment=\u00bbcenter\u00bb _builder_version=\u00bb4.27.4&#8243; _dynamic_attributes=\u00bbbutton_url\u00bb hover_enabled=\u00bb0&#8243; global_colors_info=\u00bb{}\u00bb sticky_enabled=\u00bb0&#8243;][\/et_pb_button][\/et_pb_column][et_pb_column type=\u00bb1_3&#8243; _builder_version=\u00bb4.16&#8243; background_color=\u00bbrgba(194,198,162,0.21)\u00bb custom_padding=\u00bb15px|20px|15px|20px|false|false\u00bb border_color_all=\u00bb#8b9450&#8243; global_colors_info=\u00bb{}\u00bb][et_pb_image src=\u00bbhttps:\/\/museus.esplugues.cat\/wp-content\/uploads\/2026\/01\/Agenda-650x488px.jpg\u00bb alt=\u00bbBases de la Biennal de cer\u00e0mica\u00bb title_text=\u00bbAgenda-650x488px\u00bb url=\u00bb@ET-DC@eyJkeW5hbWljIjp0cnVlLCJjb250ZW50IjoicG9zdF9saW5rX3VybF9wYWdlIiwic2V0dGluZ3MiOnsicG9zdF9pZCI6IjQ2NTQ0In19@\u00bb align=\u00bbcenter\u00bb _builder_version=\u00bb4.27.4&#8243; _dynamic_attributes=\u00bburl\u00bb background_enable_image=\u00bboff\u00bb custom_margin=\u00bb-15px|-20px||-20px|false|false\u00bb hover_enabled=\u00bb0&#8243; global_colors_info=\u00bb{}\u00bb sticky_enabled=\u00bb0&#8243;][\/et_pb_image][et_pb_text _builder_version=\u00bb4.27.4&#8243; _dynamic_attributes=\u00bblink_option_url\u00bb header_2_font_size=\u00bb20px\u00bb custom_margin=\u00bb||16px|||\u00bb link_option_url=\u00bb@ET-DC@eyJkeW5hbWljIjp0cnVlLCJjb250ZW50IjoicG9zdF9saW5rX3VybF9wb3N0Iiwic2V0dGluZ3MiOnsicG9zdF9pZCI6IjQ2MjE5In19@\u00bb global_colors_info=\u00bb{}\u00bb]<\/p>\n<h3 class=\"tw-data-text tw-text-large tw-ta\" data-placeholder=\"Traducci\u00f3\" id=\"tw-target-text\" role=\"text\" data-ved=\"2ahUKEwisr4uc9KuSAxUsOfsDHTmiL4QQ3ewLegQIERAW\" dir=\"ltr\" aria-label=\"Text tradu\u00eft: Los Museos estrenan visitas guiadas todos los domingos a espacios emblem\u00e1ticos A partir de febrero, el Espai Corber\u00f3 y el Monasterio de Montsi\u00f3 se suman a La Rajoleta y Can Tintur\u00e9 como puntos de inter\u00e9s que se pueden visitar con gu\u00eda \u00a1Cada domingo, una nueva experiencia! Con este lema, los Museos de Esplugues estrenan a partir de febrero una nueva programaci\u00f3n de visitas guiadas mensuales para dar a conocer el rico patrimonio cultural que se concentra en el centro hist\u00f3rico del municipio. En pocos metros, existe un claustro g\u00f3tico, una casa modernista, los restos de una f\u00e1brica clave en la industrializaci\u00f3n catalana y un espacio art\u00edstico monumental, testimonio del arte de finales del siglo XX.\" tabindex=\"-1\"><span class=\"Y2IQFc\" lang=\"es\">Los Museos estrenan visitas guiadas todos los domingos a espacios emblem\u00e1ticos<\/span><\/h3>\n<p>[\/et_pb_text][et_pb_text _builder_version=\u00bb4.27.4&#8243; _module_preset=\u00bbdefault\u00bb global_colors_info=\u00bb{}\u00bb]<\/p>\n<p class=\"tw-data-text tw-text-large tw-ta\" data-placeholder=\"Traducci\u00f3\" id=\"tw-target-text\" role=\"text\" data-ved=\"2ahUKEwisr4uc9KuSAxUsOfsDHTmiL4QQ3ewLegQIERAW\" dir=\"ltr\" aria-label=\"Text tradu\u00eft: Los Museos estrenan visitas guiadas todos los domingos a espacios emblem\u00e1ticos A partir de febrero, el Espai Corber\u00f3 y el Monasterio de Montsi\u00f3 se suman a La Rajoleta y Can Tintur\u00e9 como puntos de inter\u00e9s que se pueden visitar con gu\u00eda \u00a1Cada domingo, una nueva experiencia! Con este lema, los Museos de Esplugues estrenan a partir de febrero una nueva programaci\u00f3n de visitas guiadas mensuales para dar a conocer el rico patrimonio cultural que se concentra en el centro hist\u00f3rico del municipio. En pocos metros, existe un claustro g\u00f3tico, una casa modernista, los restos de una f\u00e1brica clave en la industrializaci\u00f3n catalana y un espacio art\u00edstico monumental, testimonio del arte de finales del siglo XX.\" tabindex=\"-1\"><span class=\"Y2IQFc\" lang=\"es\">A partir de febrero, el Espai Corber\u00f3 y el Monasterio de Montsi\u00f3 se suman a La Rajoleta y Can Tintur\u00e9 como puntos de inter\u00e9s que se pueden visitar con gu\u00eda <\/span><\/p>\n<p class=\"tw-data-text tw-text-large tw-ta\" data-placeholder=\"Traducci\u00f3\" role=\"text\" data-ved=\"2ahUKEwisr4uc9KuSAxUsOfsDHTmiL4QQ3ewLegQIERAW\" dir=\"ltr\" aria-label=\"Text tradu\u00eft: Los Museos estrenan visitas guiadas todos los domingos a espacios emblem\u00e1ticos A partir de febrero, el Espai Corber\u00f3 y el Monasterio de Montsi\u00f3 se suman a La Rajoleta y Can Tintur\u00e9 como puntos de inter\u00e9s que se pueden visitar con gu\u00eda \u00a1Cada domingo, una nueva experiencia! Con este lema, los Museos de Esplugues estrenan a partir de febrero una nueva programaci\u00f3n de visitas guiadas mensuales para dar a conocer el rico patrimonio cultural que se concentra en el centro hist\u00f3rico del municipio. En pocos metros, existe un claustro g\u00f3tico, una casa modernista, los restos de una f\u00e1brica clave en la industrializaci\u00f3n catalana y un espacio art\u00edstico monumental, testimonio del arte de finales del siglo XX.\" tabindex=\"-1\"><span class=\"Y2IQFc\" lang=\"es\">\u00a1Cada domingo, una nueva experiencia!\u00a0<\/span><\/p>\n<p>[\/et_pb_text][et_pb_button button_url=\u00bb@ET-DC@eyJkeW5hbWljIjp0cnVlLCJjb250ZW50IjoicG9zdF9saW5rX3VybF9wYWdlIiwic2V0dGluZ3MiOnsicG9zdF9pZCI6IjQ2NTQ0In19@\u00bb button_text=\u00bbSeguir leyendo&#8230;\u00bb button_alignment=\u00bbcenter\u00bb _builder_version=\u00bb4.27.4&#8243; _dynamic_attributes=\u00bbbutton_url\u00bb global_colors_info=\u00bb{}\u00bb][\/et_pb_button][\/et_pb_column][et_pb_column type=\u00bb1_3&#8243; _builder_version=\u00bb4.16&#8243; background_color=\u00bbrgba(194,198,162,0.21)\u00bb custom_padding=\u00bb15px|20px|15px|20px|false|false\u00bb border_color_all=\u00bb#8b9450&#8243; global_colors_info=\u00bb{}\u00bb][et_pb_image src=\u00bbhttps:\/\/museus.esplugues.cat\/wp-content\/uploads\/2025\/12\/Sin-titulo-1-1.png\u00bb alt=\u00bbBases de la Biennal de cer\u00e0mica\u00bb title_text=\u00bbSin t\u00edtulo-1&#8243; url=\u00bb@ET-DC@eyJkeW5hbWljIjp0cnVlLCJjb250ZW50IjoicG9zdF9saW5rX3VybF9wYWdlIiwic2V0dGluZ3MiOnsicG9zdF9pZCI6IjQ2MzUwIn19@\u00bb align=\u00bbcenter\u00bb _builder_version=\u00bb4.27.4&#8243; _dynamic_attributes=\u00bburl\u00bb background_enable_image=\u00bboff\u00bb custom_margin=\u00bb-15px|-20px||-20px|false|false\u00bb hover_enabled=\u00bb0&#8243; global_colors_info=\u00bb{}\u00bb sticky_enabled=\u00bb0&#8243;][\/et_pb_image][et_pb_text _builder_version=\u00bb4.27.4&#8243; _dynamic_attributes=\u00bblink_option_url\u00bb header_2_font_size=\u00bb20px\u00bb custom_margin=\u00bb||16px|||\u00bb link_option_url=\u00bb@ET-DC@eyJkeW5hbWljIjp0cnVlLCJjb250ZW50IjoicG9zdF9saW5rX3VybF9wb3N0Iiwic2V0dGluZ3MiOnsicG9zdF9pZCI6IjQ2MDM0In19@\u00bb global_colors_info=\u00bb{}\u00bb]<\/p>\n<h3 class=\"entry-title\">Un a\u00f1o dedicado a Gaud\u00ed: actividades organizadas por entidades y servicios municipales en Esplugues<\/h3>\n<p>[\/et_pb_text][et_pb_text _builder_version=\u00bb4.27.4&#8243; _module_preset=\u00bbdefault\u00bb global_colors_info=\u00bb{}\u00bb]<\/p>\n<p>En 2026 se conmemora el centenario de la muerte de Antoni Gaud\u00ed, y Esplugues se suma a esta efem\u00e9ride.<\/p>\n<p>Aqu\u00ed, donde La Rajoleta obtuvo colores y texturas cer\u00e1micas que dieron forma a algunas de sus obras, varias entidades se unen para celebrar un a\u00f1o de arte y memoria compartida.<\/p>\n<p>[\/et_pb_text][et_pb_button button_url=\u00bb@ET-DC@eyJkeW5hbWljIjp0cnVlLCJjb250ZW50IjoicG9zdF9saW5rX3VybF9wYWdlIiwic2V0dGluZ3MiOnsicG9zdF9pZCI6IjQ2MzUwIn19@\u00bb button_text=\u00bbSeguir leyendo\u00bb button_alignment=\u00bbcenter\u00bb _builder_version=\u00bb4.27.4&#8243; _dynamic_attributes=\u00bbbutton_url\u00bb global_colors_info=\u00bb{}\u00bb][\/et_pb_button][\/et_pb_column][\/et_pb_row][et_pb_row column_structure=\u00bb1_3,1_3,1_3&#8243; use_custom_gutter=\u00bbon\u00bb gutter_width=\u00bb4&#8243; disabled_on=\u00bbon|on|on\u00bb _builder_version=\u00bb4.16&#8243; custom_margin=\u00bb-15px|auto||auto|false|false\u00bb custom_padding=\u00bb0px||||false|false\u00bb disabled=\u00bbon\u00bb global_colors_info=\u00bb{}\u00bb][et_pb_column type=\u00bb1_3&#8243; _builder_version=\u00bb4.16&#8243; background_color=\u00bbrgba(194,198,162,0.21)\u00bb custom_padding=\u00bb15px|20px|15px|20px|false|false\u00bb border_color_all=\u00bb#8b9450&#8243; global_colors_info=\u00bb{}\u00bb][et_pb_image src=\u00bbhttps:\/\/museus.esplugues.cat\/wp-content\/uploads\/2022\/12\/PIB-8-VOLUM.WEBMini.jpg\u00bb alt=\u00bbBases de la Biennal de cer\u00e0mica\u00bb title_text=\u00bbPIB 8 VOLUM.WEBMini\u00bb align=\u00bbcenter\u00bb _builder_version=\u00bb4.16&#8243; background_enable_image=\u00bboff\u00bb custom_margin=\u00bb-15px|-20px||-20px|false|false\u00bb global_colors_info=\u00bb{}\u00bb][\/et_pb_image][et_pb_text _builder_version=\u00bb4.16&#8243; header_2_font_size=\u00bb20px\u00bb custom_margin=\u00bb||16px|||\u00bb global_colors_info=\u00bb{}\u00bb]<\/p>\n<h3><span>Ya tenemos el nuevo azulejo de los Museos. <\/span><\/h3>\n<h3><span>Un cl\u00e1sico de la Navidad.<\/span><\/h3>\n<p>[\/et_pb_text][et_pb_text _builder_version=\u00bb4.16&#8243; _module_preset=\u00bbdefault\u00bb global_colors_info=\u00bb{}\u00bb]<\/p>\n<p>A partir del 20 de diciembre est\u00e1 disponible en la tienda del Museo Can Tintur\u00e9 la nueva reproducci\u00f3n de la Colecci\u00f3n de baldosas modernistas Pujol y Bausis.<\/p>\n<p>[\/et_pb_text][\/et_pb_column][et_pb_column type=\u00bb1_3&#8243; _builder_version=\u00bb4.16&#8243; background_color=\u00bbrgba(194,198,162,0.21)\u00bb custom_padding=\u00bb15px|20px|15px|20px|false|false\u00bb border_color_all=\u00bb#8b9450&#8243; global_colors_info=\u00bb{}\u00bb][et_pb_image src=\u00bbhttps:\/\/museus.esplugues.cat\/wp-content\/uploads\/2022\/10\/Miniuatura.jpg\u00bb alt=\u00bbBases de la Biennal de cer\u00e0mica\u00bb title_text=\u00bbMiniuatura\u00bb url=\u00bb@ET-DC@eyJkeW5hbWljIjp0cnVlLCJjb250ZW50IjoicG9zdF9saW5rX3VybF9wb3N0Iiwic2V0dGluZ3MiOnsicG9zdF9pZCI6IjM1NzI3In19@\u00bb align=\u00bbcenter\u00bb _builder_version=\u00bb4.16&#8243; _dynamic_attributes=\u00bburl\u00bb background_enable_image=\u00bboff\u00bb custom_margin=\u00bb-15px|-20px||-20px|false|false\u00bb global_colors_info=\u00bb{}\u00bb][\/et_pb_image][et_pb_text _builder_version=\u00bb4.16&#8243; header_2_font_size=\u00bb20px\u00bb custom_margin=\u00bb||16px|||\u00bb global_colors_info=\u00bb{}\u00bb]<\/p>\n<h4>Disponible la versi\u00f3n digital del cat\u00e1logo de la \u00faltima Bienal de cer\u00e1mica de Esplugues<\/h4>\n<p>[\/et_pb_text][et_pb_text _builder_version=\u00bb4.16&#8243; _module_preset=\u00bbdefault\u00bb global_colors_info=\u00bb{}\u00bb]<\/p>\n<p>Durante la inauguraci\u00f3n de la muestra PostCreacions se ha presentado el cat\u00e1logo de la \u00faltima Bienal de cer\u00e1mica de Esplugues Angelina Al\u00f3s que recoge la memoria de la 20 edici\u00f3n. En el cat\u00e1logo se ha incluido un ap\u00e9ndice dedicado a la exposici\u00f3n temporal P\u00f2sit.<\/p>\n<p>[\/et_pb_text][et_pb_button button_url=\u00bb@ET-DC@eyJkeW5hbWljIjp0cnVlLCJjb250ZW50IjoicG9zdF9saW5rX3VybF9wb3N0Iiwic2V0dGluZ3MiOnsicG9zdF9pZCI6IjM1NzI3In19@\u00bb button_text=\u00bbSeguir leyendo&#8230;\u00bb button_alignment=\u00bbcenter\u00bb _builder_version=\u00bb4.16&#8243; _dynamic_attributes=\u00bbbutton_url\u00bb global_colors_info=\u00bb{}\u00bb][\/et_pb_button][\/et_pb_column][et_pb_column type=\u00bb1_3&#8243; _builder_version=\u00bb4.16&#8243; background_color=\u00bbrgba(194,198,162,0.21)\u00bb custom_padding=\u00bb15px|20px|15px|20px|false|false\u00bb border_color_all=\u00bb#8b9450&#8243; global_colors_info=\u00bb{}\u00bb][et_pb_image src=\u00bbhttps:\/\/museus.esplugues.cat\/wp-content\/uploads\/2022\/11\/miniatura.jpg\u00bb alt=\u00bbBases de la Biennal de cer\u00e0mica\u00bb title_text=\u00bbminiatura\u00bb align=\u00bbcenter\u00bb _builder_version=\u00bb4.16&#8243; background_enable_image=\u00bboff\u00bb custom_margin=\u00bb-15px|-20px||-20px|false|false\u00bb global_colors_info=\u00bb{}\u00bb][\/et_pb_image][et_pb_text _builder_version=\u00bb4.16&#8243; header_2_font_size=\u00bb20px\u00bb custom_margin=\u00bb||16px|||\u00bb global_colors_info=\u00bb{}\u00bb]<\/p>\n<h3>\u00c9xito del FangFest, el festival de los peque\u00f1os ceramistas, en el Museo de Cer\u00e1mica La Rajoleta<\/h3>\n<p>[\/et_pb_text][et_pb_text _builder_version=\u00bb4.16&#8243; _module_preset=\u00bbdefault\u00bb global_colors_info=\u00bb{}\u00bb]<\/p>\n<p>700 personas disfrutaron de una ma\u00f1ana de experiencias creativas en la propuesta organizada por los Museos de Esplugues y el Espai de les Arts &#8230;<\/p>\n<p>[\/et_pb_text][et_pb_button button_url=\u00bb@ET-DC@eyJkeW5hbWljIjp0cnVlLCJjb250ZW50IjoicG9zdF9saW5rX3VybF9wb3N0Iiwic2V0dGluZ3MiOnsicG9zdF9pZCI6IjM1ODAwIn19@\u00bb button_text=\u00bbSeguir leyendo&#8230;\u00bb button_alignment=\u00bbcenter\u00bb _builder_version=\u00bb4.16&#8243; _dynamic_attributes=\u00bbbutton_url\u00bb global_colors_info=\u00bb{}\u00bb][\/et_pb_button][\/et_pb_column][\/et_pb_row][et_pb_row column_structure=\u00bb1_3,1_3,1_3&#8243; use_custom_gutter=\u00bbon\u00bb gutter_width=\u00bb4&#8243; disabled_on=\u00bbon|on|on\u00bb _builder_version=\u00bb4.16&#8243; custom_margin=\u00bb-15px|auto||auto||\u00bb disabled=\u00bbon\u00bb global_colors_info=\u00bb{}\u00bb][et_pb_column type=\u00bb1_3&#8243; _builder_version=\u00bb4.16&#8243; background_color=\u00bbrgba(194,198,162,0.21)\u00bb custom_padding=\u00bb15px|20px|15px|20px|false|true\u00bb border_color_all=\u00bb#8b9450&#8243; border_style_all=\u00bboutset\u00bb global_colors_info=\u00bb{}\u00bb][et_pb_image src=\u00bbhttps:\/\/museus.esplugues.cat\/wp-content\/uploads\/2020\/06\/Visitar-museu2.jpg\u00bb title_text=\u00bbVisitar museu2&#8243; url=\u00bbhttps:\/\/museus.esplugues.cat\/es\/la-entrada-de-los-nacionales-a-ojos-de-kautela\u00bb align=\u00bbcenter\u00bb _builder_version=\u00bb4.16&#8243; background_enable_image=\u00bboff\u00bb custom_margin=\u00bb-15px|-20px||-20px|false|false\u00bb global_colors_info=\u00bb{}\u00bb][\/et_pb_image][et_pb_text _builder_version=\u00bb4.16&#8243; custom_margin=\u00bb||16px|||\u00bb global_colors_info=\u00bb{}\u00bb]<\/p>\n<h2 style=\"text-align: center;\">Com pots visitar els Museus d\u2019Esplugues?<\/h2>\n<p style=\"text-align: center;\"><span>Aqu\u00ed podr\u00e0s tota la informaci\u00f3 pr\u00e0ctica per visitar els museus d\u2019Esplugues.<br \/><\/span><span>Recordeu que les visites guiades a Can Tintur\u00e9 i La Rajoleta no estan temporalment\u00a0 disponibles.<\/span><\/p>\n<p>[\/et_pb_text][et_pb_button button_url=\u00bbhttps:\/\/museus.esplugues.cat\/es\/visita-los-museus\u00bb button_text=\u00bbM\u00e9s informaci\u00f3\u00bb button_alignment=\u00bbcenter\u00bb _builder_version=\u00bb4.16&#8243; global_colors_info=\u00bb{}\u00bb][\/et_pb_button][\/et_pb_column][et_pb_column type=\u00bb1_3&#8243; _builder_version=\u00bb4.16&#8243; background_color=\u00bbrgba(194,198,162,0.21)\u00bb custom_padding=\u00bb15px|20px|15px|20px|false|true\u00bb border_color_all=\u00bb#8b9450&#8243; border_style_all=\u00bboutset\u00bb global_colors_info=\u00bb{}\u00bb][et_pb_image src=\u00bbhttps:\/\/museus.esplugues.cat\/wp-content\/uploads\/2020\/06\/Accessibilitat.jpg\u00bb title_text=\u00bbAccessibilitat\u00bb url=\u00bbhttps:\/\/museus.esplugues.cat\/es\/la-entrada-de-los-nacionales-a-ojos-de-kautela\u00bb align=\u00bbcenter\u00bb _builder_version=\u00bb4.16&#8243; background_enable_image=\u00bboff\u00bb custom_margin=\u00bb-15px|-20px||-20px|false|false\u00bb global_colors_info=\u00bb{}\u00bb][\/et_pb_image][et_pb_text _builder_version=\u00bb4.16&#8243; custom_margin=\u00bb||16px|||\u00bb global_colors_info=\u00bb{}\u00bb]<\/p>\n<h2 style=\"text-align: center;\">Can Tintur\u00e9, un museu accessible<\/h2>\n<p style=\"text-align: center;\"><span>Els Museus d\u2019Esplugues fa m\u00e9s de deu anys que treballem per obrir els nostres mueseu a tothom. Aqu\u00ed trobareu, la informaci\u00f3 per visitar el museu de manera accessible.<\/span><\/p>\n<p style=\"text-align: center;\"><span>A causa de les mesures de seguretat actuals, els serveis de fulls de sala en braile i el pr\u00e8stec de cadira de rodes no estan disponible<\/span><\/p>\n<p>[\/et_pb_text][et_pb_button button_url=\u00bbhttps:\/\/museus.esplugues.cat\/es\/accesibilidad\u00bb button_text=\u00bbM\u00e9s informaci\u00f3\u00bb button_alignment=\u00bbcenter\u00bb _builder_version=\u00bb4.16&#8243; global_colors_info=\u00bb{}\u00bb][\/et_pb_button][\/et_pb_column][et_pb_column type=\u00bb1_3&#8243; _builder_version=\u00bb4.16&#8243; background_color=\u00bbrgba(194,198,162,0.21)\u00bb custom_padding=\u00bb15px|20px|15px|20px|false|false\u00bb border_color_all=\u00bb#8b9450&#8243; border_style_all=\u00bboutset\u00bb global_colors_info=\u00bb{}\u00bb][et_pb_image src=\u00bbhttps:\/\/museus.esplugues.cat\/wp-content\/uploads\/2020\/06\/patrimoni.jpg\u00bb title_text=\u00bbpatrimoni\u00bb url=\u00bbhttps:\/\/museus.esplugues.cat\/es\/la-entrada-de-los-nacionales-a-ojos-de-kautela\u00bb align=\u00bbcenter\u00bb _builder_version=\u00bb4.16&#8243; background_enable_image=\u00bboff\u00bb custom_margin=\u00bb-15px|-20px||-20px|false|false\u00bb global_colors_info=\u00bb{}\u00bb][\/et_pb_image][et_pb_text _builder_version=\u00bb4.16&#8243; custom_margin=\u00bb||16px|||\u00bb global_colors_info=\u00bb{}\u00bb]<\/p>\n<h2 style=\"text-align: center;\">Patrimoni<\/h2>\n<p style=\"text-align: center;\"><span>Els Museus d\u2019Esplugues gestionen directament els seg\u00fcents recursos patrimonials d\u2019Esplugues:<br \/><\/span><\/p>\n<p style=\"text-align: center;\">Ruta hist\u00f2rica de La m\u00e0 d&#8217;Esplugues<\/p>\n<p style=\"text-align: center;\">Bateries antia\u00e8ries de Sant Pere M\u00e0rtir<\/p>\n<p style=\"text-align: center;\">Monestir de Montsi\u00f3<\/p>\n<p>[\/et_pb_text][et_pb_button button_url=\u00bbhttps:\/\/museus.esplugues.cat\/es\/patrimonio\u00bb button_text=\u00bbM\u00e9s informaci\u00f3\u00bb button_alignment=\u00bbcenter\u00bb _builder_version=\u00bb4.16&#8243; global_colors_info=\u00bb{}\u00bb][\/et_pb_button][\/et_pb_column][\/et_pb_row][\/et_pb_section][et_pb_section fb_built=\u00bb1&#8243; _builder_version=\u00bb4.16&#8243; background_enable_color=\u00bboff\u00bb global_colors_info=\u00bb{}\u00bb][et_pb_row column_structure=\u00bb1_3,1_3,1_3&#8243; use_custom_gutter=\u00bbon\u00bb gutter_width=\u00bb4&#8243; _builder_version=\u00bb4.16&#8243; custom_margin=\u00bb-15px|auto||auto||\u00bb global_colors_info=\u00bb{}\u00bb][et_pb_column type=\u00bb1_3&#8243; _builder_version=\u00bb4.16&#8243; background_color=\u00bbrgba(194,198,162,0.21)\u00bb custom_padding=\u00bb15px|20px|15px|20px|false|true\u00bb border_color_all=\u00bb#8b9450&#8243; border_style_all=\u00bboutset\u00bb global_colors_info=\u00bb{}\u00bb][et_pb_image src=\u00bbhttps:\/\/museus.esplugues.cat\/wp-content\/uploads\/2020\/06\/Visitar-museu2-1.jpg\u00bb title_text=\u00bbVisitar museu2&#8243; align=\u00bbcenter\u00bb _builder_version=\u00bb4.16&#8243; background_enable_image=\u00bboff\u00bb custom_margin=\u00bb-15px|-20px||-20px|false|false\u00bb global_colors_info=\u00bb{}\u00bb][\/et_pb_image][et_pb_text _builder_version=\u00bb4.23.1&#8243; custom_margin=\u00bb||16px|||\u00bb global_colors_info=\u00bb{}\u00bb]<\/p>\n<h2 style=\"text-align: center;\">Visita los museos de Esplugues<\/h2>\n<p>Horarios, precios y visitas guiadas.<\/p>\n<p>En 2024 estrenamos nuevo horario de visitas guiadas. Todos los domingos excepto el \u00faltimo domingo de mes:<\/p>\n<p>La Rajoleta \u2013 11 h<br \/>Can Tintur\u00e9 &#8211; 12 h<br \/>Exposici\u00f3n temporal &#8211; 13 h<\/p>\n<p>&nbsp;<\/p>\n<p>&nbsp;<\/p>\n<p>[\/et_pb_text][et_pb_button button_url=\u00bbhttps:\/\/museus.esplugues.cat\/es\/visita-los-museus\u00bb button_text=\u00bbM\u00e1s informaci\u00f3n\u00bb button_alignment=\u00bbcenter\u00bb _builder_version=\u00bb4.16&#8243; global_colors_info=\u00bb{}\u00bb][\/et_pb_button][\/et_pb_column][et_pb_column type=\u00bb1_3&#8243; _builder_version=\u00bb4.16&#8243; background_color=\u00bbrgba(194,198,162,0.21)\u00bb custom_padding=\u00bb15px|20px|15px|20px|false|true\u00bb border_color_all=\u00bb#8b9450&#8243; border_style_all=\u00bboutset\u00bb global_colors_info=\u00bb{}\u00bb][et_pb_image src=\u00bbhttps:\/\/museus.esplugues.cat\/wp-content\/uploads\/2020\/06\/Accessibilitat-1.jpg\u00bb title_text=\u00bbAccessibilitat\u00bb align=\u00bbcenter\u00bb _builder_version=\u00bb4.16&#8243; background_enable_image=\u00bboff\u00bb custom_margin=\u00bb-15px|-20px||-20px|false|false\u00bb global_colors_info=\u00bb{}\u00bb][\/et_pb_image][et_pb_text _builder_version=\u00bb4.16&#8243; custom_margin=\u00bb||16px|||\u00bb global_colors_info=\u00bb{}\u00bb]<\/p>\n<h2 style=\"text-align: center;\">Can Tintur\u00e9, un museo accesible<\/h2>\n<p style=\"text-align: center;\">Los Museos de Esplugues hace m\u00e1s de diez a\u00f1os que trabajamos para abrir nuestros Mues todos. Aqu\u00ed encontrar\u00e1 la informaci\u00f3n para visitar el museo de manera accesible.<\/p>\n<p>[\/et_pb_text][et_pb_button button_url=\u00bbhttps:\/\/museus.esplugues.cat\/es\/accesibilidad\u00bb button_text=\u00bbM\u00e1s informaci\u00f3n\u00bb button_alignment=\u00bbcenter\u00bb _builder_version=\u00bb4.16&#8243; global_colors_info=\u00bb{}\u00bb][\/et_pb_button][\/et_pb_column][et_pb_column type=\u00bb1_3&#8243; _builder_version=\u00bb4.16&#8243; background_color=\u00bbrgba(194,198,162,0.21)\u00bb custom_padding=\u00bb15px|20px|15px|20px|false|false\u00bb border_color_all=\u00bb#8b9450&#8243; border_style_all=\u00bboutset\u00bb global_colors_info=\u00bb{}\u00bb][et_pb_image src=\u00bbhttps:\/\/museus.esplugues.cat\/wp-content\/uploads\/2020\/06\/patrimoni-1.jpg\u00bb title_text=\u00bbpatrimoni\u00bb align=\u00bbcenter\u00bb _builder_version=\u00bb4.16&#8243; background_enable_image=\u00bboff\u00bb custom_margin=\u00bb-15px|-20px||-20px|false|false\u00bb global_colors_info=\u00bb{}\u00bb][\/et_pb_image][et_pb_text _builder_version=\u00bb4.16&#8243; custom_margin=\u00bb||16px|||\u00bb global_colors_info=\u00bb{}\u00bb]<\/p>\n<h2 style=\"text-align: center;\">Patrimonio de Esplugues<\/h2>\n<p style=\"text-align: center;\">Los Museos de Esplugues organizan actividades en los siguientes recursos patrimoniales de Esplugues: Ruta hist\u00f3rica de La m\u00e0 de Esplugues, las bater\u00edas antia\u00e9reas de San Pere M\u00e0rtir y el Monasterio de Montsi\u00f3<\/p>\n<p>[\/et_pb_text][et_pb_button button_url=\u00bbhttps:\/\/museus.esplugues.cat\/es\/patrimonio\u00bb button_text=\u00bbM\u00e1s informaci\u00f3n\u00bb button_alignment=\u00bbcenter\u00bb _builder_version=\u00bb4.16&#8243; global_colors_info=\u00bb{}\u00bb][\/et_pb_button][\/et_pb_column][\/et_pb_row][\/et_pb_section][et_pb_section fb_built=\u00bb1&#8243; disabled_on=\u00bboff|off|off\u00bb _builder_version=\u00bb4.16&#8243; background_color=\u00bb#ffffff\u00bb background_image=\u00bbhttps:\/\/museus.esplugues.cat\/wp-content\/uploads\/2019\/10\/mosaico.jpg\u00bb background_size=\u00bbinitial\u00bb background_position=\u00bbtop_left\u00bb background_repeat=\u00bbrepeat\u00bb background_blend=\u00bbmultiply\u00bb custom_margin=\u00bb0px||0px||false|false\u00bb custom_padding=\u00bb0px||0px||false|false\u00bb global_colors_info=\u00bb{}\u00bb][et_pb_row column_structure=\u00bb1_2,1_2&#8243; _builder_version=\u00bb4.16&#8243; background_color=\u00bbrgba(0,0,0,0.6)\u00bb global_colors_info=\u00bb{}\u00bb][et_pb_column type=\u00bb1_2&#8243; _builder_version=\u00bb4.16&#8243; global_colors_info=\u00bb{}\u00bb][et_pb_image src=\u00bbhttps:\/\/museus.esplugues.cat\/wp-content\/uploads\/2019\/12\/ajuntament-esplugues.png\u00bb title_text=\u00bbajuntament-esplugues\u00bb url=\u00bbhttps:\/\/www.esplugues.cat\/\u00bb align=\u00bbcenter\u00bb _builder_version=\u00bb4.16&#8243; global_colors_info=\u00bb{}\u00bb][\/et_pb_image][\/et_pb_column][et_pb_column type=\u00bb1_2&#8243; _builder_version=\u00bb4.16&#8243; global_colors_info=\u00bb{}\u00bb][et_pb_image src=\u00bbhttps:\/\/museus.esplugues.cat\/wp-content\/uploads\/2020\/06\/EspluguesConectaPtarimoni-1.png\u00bb title_text=\u00bbEspluguesConectaPtarimoni\u00bb align=\u00bbcenter\u00bb _builder_version=\u00bb4.16&#8243; width=\u00bb56%\u00bb global_colors_info=\u00bb{}\u00bb][\/et_pb_image][\/et_pb_column][\/et_pb_row][\/et_pb_section][et_pb_section fb_built=\u00bb1&#8243; disabled_on=\u00bbon|on|on\u00bb _builder_version=\u00bb4.16&#8243; background_color=\u00bb#f4f4f4&#8243; custom_padding=\u00bb22px||9px|||\u00bb disabled=\u00bbon\u00bb global_colors_info=\u00bb{}\u00bb][et_pb_row column_structure=\u00bb1_3,1_3,1_3&#8243; use_custom_gutter=\u00bbon\u00bb gutter_width=\u00bb4&#8243; _builder_version=\u00bb4.16&#8243; width=\u00bb50%\u00bb global_colors_info=\u00bb{}\u00bb][et_pb_column type=\u00bb1_3&#8243; _builder_version=\u00bb4.16&#8243; global_colors_info=\u00bb{}\u00bb][et_pb_text _builder_version=\u00bb4.16&#8243; header_4_font=\u00bb|||on|||||\u00bb header_4_text_align=\u00bbcenter\u00bb header_4_font_size=\u00bb25px\u00bb text_orientation=\u00bbcenter\u00bb global_colors_info=\u00bb{}\u00bb]<\/p>\n<h4>Per Families<\/h4>\n<p>[\/et_pb_text][et_pb_image src=\u00bbhttps:\/\/museus.esplugues.cat\/wp-content\/uploads\/2019\/11\/museus-esplugues-families.png\u00bb align=\u00bbcenter\u00bb _builder_version=\u00bb4.16&#8243; animation_style=\u00bbzoom\u00bb global_colors_info=\u00bb{}\u00bb][\/et_pb_image][et_pb_button button_text=\u00bbPer Fam\u00edlies\u00bb button_alignment=\u00bbcenter\u00bb _builder_version=\u00bb4.16&#8243; custom_button=\u00bbon\u00bb button_letter_spacing=\u00bb2px\u00bb button_font=\u00bb|||on|||||\u00bb global_colors_info=\u00bb{}\u00bb][\/et_pb_button][\/et_pb_column][et_pb_column type=\u00bb1_3&#8243; _builder_version=\u00bb4.16&#8243; global_colors_info=\u00bb{}\u00bb][et_pb_text _builder_version=\u00bb4.16&#8243; header_4_font=\u00bb|||on|||||\u00bb header_4_text_align=\u00bbcenter\u00bb header_4_font_size=\u00bb25px\u00bb text_orientation=\u00bbcenter\u00bb global_colors_info=\u00bb{}\u00bb]<\/p>\n<h4>Per Escoles<\/h4>\n<p>[\/et_pb_text][et_pb_image src=\u00bbhttps:\/\/museus.esplugues.cat\/wp-content\/uploads\/2019\/11\/museus-esplugues-escoles.png\u00bb align=\u00bbcenter\u00bb _builder_version=\u00bb4.16&#8243; animation_style=\u00bbzoom\u00bb global_colors_info=\u00bb{}\u00bb][\/et_pb_image][et_pb_button button_text=\u00bbPer Escoles\u00bb button_alignment=\u00bbcenter\u00bb _builder_version=\u00bb4.16&#8243; custom_button=\u00bbon\u00bb button_letter_spacing=\u00bb2px\u00bb button_font=\u00bb|||on|||||\u00bb global_colors_info=\u00bb{}\u00bb][\/et_pb_button][\/et_pb_column][et_pb_column type=\u00bb1_3&#8243; _builder_version=\u00bb4.16&#8243; global_colors_info=\u00bb{}\u00bb][et_pb_text _builder_version=\u00bb4.16&#8243; header_4_font=\u00bb|||on|||||\u00bb header_4_text_align=\u00bbcenter\u00bb header_4_font_size=\u00bb25px\u00bb text_orientation=\u00bbcenter\u00bb global_colors_info=\u00bb{}\u00bb]<\/p>\n<h4>Pel p\u00fablic<\/h4>\n<p>[\/et_pb_text][et_pb_image src=\u00bbhttps:\/\/museus.esplugues.cat\/wp-content\/uploads\/2019\/11\/museus-esplugues-public.png\u00bb align=\u00bbcenter\u00bb _builder_version=\u00bb4.16&#8243; animation_style=\u00bbzoom\u00bb global_colors_info=\u00bb{}\u00bb][\/et_pb_image][et_pb_button button_text=\u00bbPel P\u00fablic\u00bb button_alignment=\u00bbcenter\u00bb _builder_version=\u00bb4.16&#8243; custom_button=\u00bbon\u00bb button_letter_spacing=\u00bb2px\u00bb button_font=\u00bb|||on|||||\u00bb global_colors_info=\u00bb{}\u00bb][\/et_pb_button][\/et_pb_column][\/et_pb_row][\/et_pb_section]<\/p>\n","protected":false},"excerpt":{"rendered":"<p>[et_pb_section fb_built=\u00bb1&#8243; fullwidth=\u00bbon\u00bb disabled_on=\u00bboff|off|off\u00bb _builder_version=\u00bb4.27.4&#8243; global_colors_info=\u00bb{}\u00bb][et_pb_fullwidth_slider disabled_on=\u00bbon|on|off\u00bb _builder_version=\u00bb4.27.4&#8243; button_alignment=\u00bbcenter\u00bb custom_margin=\u00bb0px||||false|false\u00bb custom_padding=\u00bb250px||250px|0px|false|false\u00bb global_colors_info=\u00bb{}\u00bb][et_pb_slide heading=\u00bbMuseo Can Tintur\u00e9\u00bb _builder_version=\u00bb4.16&#8243; header_level=\u00bbh2&#8243; header_font=\u00bb|600|||||||\u00bb header_font_size=\u00bb40px\u00bb body_font_size=\u00bb18px\u00bb background_color=\u00bbrgba(54,56,1,0.38)\u00bb background_enable_color=\u00bbon\u00bb background_image=\u00bbhttps:\/\/museus.esplugues.cat\/wp-content\/uploads\/2020\/06\/CT.prova3_.jpg\u00bb background_enable_image=\u00bbon\u00bb background_blend=\u00bbmultiply\u00bb custom_button=\u00bbon\u00bb button_text_size=\u00bb30px\u00bb button_bg_color=\u00bbrgba(0,0,0,0)\u00bb button_border_width=\u00bb1px\u00bb button_font=\u00bb|700|||||||\u00bb button_alignment=\u00bbcenter\u00bb custom_padding=\u00bb0px|0px|0px|0px|true|false\u00bb link_option_url=\u00bbhttps:\/\/museus.esplugues.cat\/es\/can-tinture\u00bb global_colors_info=\u00bb{}\u00bb sticky_transition=\u00bbon\u00bb] Colecci\u00f3n de azulejos de muestra Salvador Miquel [\/et_pb_slide][et_pb_slide heading=\u00bbMuseo de Cer\u00e1mica %22La Rajoleta%22&#8243; _builder_version=\u00bb4.16&#8243; header_level=\u00bbh2&#8243; header_font=\u00bb|600|||||||\u00bb header_font_size=\u00bb40px\u00bb background_color=\u00bbrgba(54,56,1,0.38)\u00bb background_enable_color=\u00bbon\u00bb background_image=\u00bbhttps:\/\/museus.esplugues.cat\/wp-content\/uploads\/2020\/06\/home-La-Rajoleta.jpg\u00bb [&hellip;]<\/p>\n","protected":false},"author":2,"featured_media":0,"parent":0,"menu_order":0,"comment_status":"closed","ping_status":"closed","template":"","meta":{"_et_pb_use_builder":"on","_et_pb_old_content":"","_et_gb_content_width":"","_uag_custom_page_level_css":"","footnotes":""},"class_list":["post-28619","page","type-page","status-publish","hentry"],"uagb_featured_image_src":{"full":false,"thumbnail":false,"medium":false,"medium_large":false,"large":false,"1536x1536":false,"2048x2048":false,"et-pb-post-main-image":false,"et-pb-post-main-image-fullwidth":false,"et-pb-portfolio-image":false,"et-pb-portfolio-module-image":false,"et-pb-portfolio-image-single":false,"et-pb-gallery-module-image-portrait":false,"et-pb-post-main-image-fullwidth-large":false,"et-pb-image--responsive--desktop":false,"et-pb-image--responsive--tablet":false,"et-pb-image--responsive--phone":false},"uagb_author_info":{"display_name":"empiezapori","author_link":"https:\/\/museus.esplugues.cat\/es\/author\/empiezapori"},"uagb_comment_info":0,"uagb_excerpt":"[et_pb_section fb_built=\u00bb1&#8243; fullwidth=\u00bbon\u00bb disabled_on=\u00bboff|off|off\u00bb _builder_version=\u00bb4.27.4&#8243; global_colors_info=\u00bb{}\u00bb][et_pb_fullwidth_slider disabled_on=\u00bbon|on|off\u00bb _builder_version=\u00bb4.27.4&#8243; button_alignment=\u00bbcenter\u00bb custom_margin=\u00bb0px||||false|false\u00bb custom_padding=\u00bb250px||250px|0px|false|false\u00bb global_colors_info=\u00bb{}\u00bb][et_pb_slide heading=\u00bbMuseo Can Tintur\u00e9\u00bb _builder_version=\u00bb4.16&#8243; header_level=\u00bbh2&#8243; header_font=\u00bb|600|||||||\u00bb header_font_size=\u00bb40px\u00bb body_font_size=\u00bb18px\u00bb background_color=\u00bbrgba(54,56,1,0.38)\u00bb background_enable_color=\u00bbon\u00bb background_image=\u00bbhttps:\/\/museus.esplugues.cat\/wp-content\/uploads\/2020\/06\/CT.prova3_.jpg\u00bb background_enable_image=\u00bbon\u00bb background_blend=\u00bbmultiply\u00bb custom_button=\u00bbon\u00bb button_text_size=\u00bb30px\u00bb button_bg_color=\u00bbrgba(0,0,0,0)\u00bb button_border_width=\u00bb1px\u00bb button_font=\u00bb|700|||||||\u00bb button_alignment=\u00bbcenter\u00bb custom_padding=\u00bb0px|0px|0px|0px|true|false\u00bb link_option_url=\u00bbhttps:\/\/museus.esplugues.cat\/es\/can-tinture\u00bb global_colors_info=\u00bb{}\u00bb sticky_transition=\u00bbon\u00bb] Colecci\u00f3n de azulejos de muestra Salvador Miquel [\/et_pb_slide][et_pb_slide heading=\u00bbMuseo de Cer\u00e1mica %22La Rajoleta%22&#8243; _builder_version=\u00bb4.16&#8243; header_level=\u00bbh2&#8243; header_font=\u00bb|600|||||||\u00bb header_font_size=\u00bb40px\u00bb background_color=\u00bbrgba(54,56,1,0.38)\u00bb background_enable_color=\u00bbon\u00bb background_image=\u00bbhttps:\/\/museus.esplugues.cat\/wp-content\/uploads\/2020\/06\/home-La-Rajoleta.jpg\u00bb&hellip;","_links":{"self":[{"href":"https:\/\/museus.esplugues.cat\/es\/wp-json\/wp\/v2\/pages\/28619","targetHints":{"allow":["GET"]}}],"collection":[{"href":"https:\/\/museus.esplugues.cat\/es\/wp-json\/wp\/v2\/pages"}],"about":[{"href":"https:\/\/museus.esplugues.cat\/es\/wp-json\/wp\/v2\/types\/page"}],"author":[{"embeddable":true,"href":"https:\/\/museus.esplugues.cat\/es\/wp-json\/wp\/v2\/users\/2"}],"replies":[{"embeddable":true,"href":"https:\/\/museus.esplugues.cat\/es\/wp-json\/wp\/v2\/comments?post=28619"}],"version-history":[{"count":13,"href":"https:\/\/museus.esplugues.cat\/es\/wp-json\/wp\/v2\/pages\/28619\/revisions"}],"predecessor-version":[{"id":47509,"href":"https:\/\/museus.esplugues.cat\/es\/wp-json\/wp\/v2\/pages\/28619\/revisions\/47509"}],"wp:attachment":[{"href":"https:\/\/museus.esplugues.cat\/es\/wp-json\/wp\/v2\/media?parent=28619"}],"curies":[{"name":"wp","href":"https:\/\/api.w.org\/{rel}","templated":true}]}}