{"id":28678,"date":"2020-06-12T10:32:20","date_gmt":"2020-06-12T08:32:20","guid":{"rendered":"https:\/\/museus.esplugues.cat\/project\/coleccion-angelina-alos"},"modified":"2020-06-22T11:18:19","modified_gmt":"2020-06-22T09:18:19","slug":"coleccion-angelina-alos","status":"publish","type":"project","link":"https:\/\/museus.esplugues.cat\/es\/project\/coleccion-angelina-alos","title":{"rendered":"Colecci\u00f3n Angelina Al\u00f3s"},"content":{"rendered":"<p>[et_pb_section fb_built=\u00bb1&#8243; _builder_version=\u00bb4.4.7&#8243; use_background_color_gradient=\u00bbon\u00bb background_color_gradient_start=\u00bb#8c944d\u00bb background_color_gradient_end=\u00bbrgba(140,148,77,0.21)\u00bb background_color_gradient_direction=\u00bb130deg\u00bb background_color_gradient_start_position=\u00bb49%\u00bb background_color_gradient_end_position=\u00bb18%\u00bb background_image=\u00bbhttps:\/\/museus.esplugues.cat\/wp-content\/uploads\/2020\/06\/Alos1013.jpg\u00bb background_blend=\u00bbmultiply\u00bb][et_pb_row column_structure=\u00bb2_3,1_3&#8243; _builder_version=\u00bb4.0.7&#8243;][et_pb_column type=\u00bb2_3&#8243; _builder_version=\u00bb4.0.7&#8243;][et_pb_text _builder_version=\u00bb4.4.7&#8243; header_font=\u00bb|300|||||||\u00bb header_text_color=\u00bb#ffffff\u00bb header_font_size=\u00bb50px\u00bb header_font_size_tablet=\u00bb\u00bb header_font_size_phone=\u00bb30px\u00bb header_font_size_last_edited=\u00bbon|desktop\u00bb]<\/p>\n<h1>Colecci\u00f3n Angelina Al\u00f3s<\/h1>\n<p>[\/et_pb_text][\/et_pb_column][et_pb_column type=\u00bb1_3&#8243; _builder_version=\u00bb4.0.7&#8243;][\/et_pb_column][\/et_pb_row][\/et_pb_section][et_pb_section fb_built=\u00bb1&#8243; _builder_version=\u00bb4.0.7&#8243;][et_pb_row use_custom_gutter=\u00bbon\u00bb _builder_version=\u00bb4.0.7&#8243; custom_padding=\u00bb1px||1px|||\u00bb][et_pb_column type=\u00bb4_4&#8243; _builder_version=\u00bb4.0.7&#8243;][et_pb_text _builder_version=\u00bb4.4.7&#8243; hover_enabled=\u00bb0&#8243;]<\/p>\n<p>La artista y ceramista\u00a0<a href=\"\/?page_id=27737\">Angelina Al\u00f3s i Tormo<\/a> (\u00a0(Valencia, 1917 \u2013 Barcelona, 1997) ha sido un referente en el mundo de la cer\u00e1mica de creaci\u00f3n contempor\u00e1nea. Adem\u00e1s de su original, amplia y variada obra, cre\u00f3 escuela, ya que imparti\u00f3 clases en muchas generaciones de ceramistas de reconocido prestigio.<br \/> Angelina Al\u00f3s i Tormo mantuvo a lo largo de toda su vida estrechos lazos con nuestra poblaci\u00f3n, donde ten\u00eda instalado su taller art\u00edstico.<br \/> En 2009 la hija del artista, Blanca Morales Al\u00f3s dio a la ciudad de Esplugues de Llobregat 31 obras de su madre que, en la actualidad, est\u00e1n expuestas p\u00fablicamente en el Espacio Baronda.<\/p>\n<p>La ciudad de Esplugues de Llobregat tiene otras obras realizadas por la artista en el Hospital de Sant Joan de D\u00e9u, en la iglesia parroquial Santa Magdalena y los jardines del Pont d\u2019Esplugues, donde est\u00e1 el panel cer\u00e1mico con la inscripci\u00f3n \u201cEsplugues villa de apertura y armon\u00eda\u201d.<\/p>\n<p>[\/et_pb_text][et_pb_gallery gallery_ids=\u00bb28420,28417,28414,28411,28408,28405,28402,28399,28393,28390,28396&#8243; posts_number=\u00bb12&#8243; show_title_and_caption=\u00bboff\u00bb _builder_version=\u00bb4.4.7&#8243;][\/et_pb_gallery][\/et_pb_column][\/et_pb_row][\/et_pb_section]<\/p>\n","protected":false},"excerpt":{"rendered":"<p>Colecci\u00f3n Angelina Al\u00f3sLa artista y ceramista\u00a0Angelina Al\u00f3s i Tormo (\u00a0(Valencia, 1917 \u2013 Barcelona, 1997) ha sido un referente en el mundo de la cer\u00e1mica de creaci\u00f3n contempor\u00e1nea. Adem\u00e1s de su original, amplia y variada obra, cre\u00f3 escuela, ya que imparti\u00f3 clases en muchas generaciones de ceramistas de reconocido prestigio. Angelina Al\u00f3s i Tormo mantuvo a [&hellip;]<\/p>\n","protected":false},"author":2,"featured_media":28429,"template":"","meta":{"_et_pb_use_builder":"on","_et_pb_old_content":"","_et_gb_content_width":"","_uag_custom_page_level_css":"","footnotes":""},"project_category":[857,858],"project_tag":[],"class_list":["post-28678","project","type-project","status-publish","has-post-thumbnail","hentry","project_category-fondos-y-colecciones","project_category-la-rajoleta-es"],"uagb_featured_image_src":{"full":["https:\/\/museus.esplugues.cat\/wp-content\/uploads\/2020\/05\/presentacion.jpg",250,250,false],"thumbnail":["https:\/\/museus.esplugues.cat\/wp-content\/uploads\/2020\/05\/presentacion-80x80.jpg",80,80,true],"medium":["https:\/\/museus.esplugues.cat\/wp-content\/uploads\/2020\/05\/presentacion.jpg",250,250,false],"medium_large":["https:\/\/museus.esplugues.cat\/wp-content\/uploads\/2020\/05\/presentacion.jpg",250,250,false],"large":["https:\/\/museus.esplugues.cat\/wp-content\/uploads\/2020\/05\/presentacion.jpg",250,250,false],"1536x1536":["https:\/\/museus.esplugues.cat\/wp-content\/uploads\/2020\/05\/presentacion.jpg",250,250,false],"2048x2048":["https:\/\/museus.esplugues.cat\/wp-content\/uploads\/2020\/05\/presentacion.jpg",250,250,false],"et-pb-post-main-image":["https:\/\/museus.esplugues.cat\/wp-content\/uploads\/2020\/05\/presentacion.jpg",250,250,false],"et-pb-post-main-image-fullwidth":["https:\/\/museus.esplugues.cat\/wp-content\/uploads\/2020\/05\/presentacion.jpg",250,250,false],"et-pb-portfolio-image":["https:\/\/museus.esplugues.cat\/wp-content\/uploads\/2020\/05\/presentacion.jpg",250,250,false],"et-pb-portfolio-module-image":["https:\/\/museus.esplugues.cat\/wp-content\/uploads\/2020\/05\/presentacion.jpg",250,250,false],"et-pb-portfolio-image-single":["https:\/\/museus.esplugues.cat\/wp-content\/uploads\/2020\/05\/presentacion.jpg",250,250,false],"et-pb-gallery-module-image-portrait":["https:\/\/museus.esplugues.cat\/wp-content\/uploads\/2020\/05\/presentacion.jpg",250,250,false],"et-pb-post-main-image-fullwidth-large":["https:\/\/museus.esplugues.cat\/wp-content\/uploads\/2020\/05\/presentacion.jpg",250,250,false],"et-pb-image--responsive--desktop":["https:\/\/museus.esplugues.cat\/wp-content\/uploads\/2020\/05\/presentacion.jpg",250,250,false],"et-pb-image--responsive--tablet":["https:\/\/museus.esplugues.cat\/wp-content\/uploads\/2020\/05\/presentacion.jpg",250,250,false],"et-pb-image--responsive--phone":["https:\/\/museus.esplugues.cat\/wp-content\/uploads\/2020\/05\/presentacion.jpg",250,250,false]},"uagb_author_info":{"display_name":"empiezapori","author_link":"https:\/\/museus.esplugues.cat\/es\/author\/empiezapori"},"uagb_comment_info":0,"uagb_excerpt":"Colecci\u00f3n Angelina Al\u00f3sLa artista y ceramista\u00a0Angelina Al\u00f3s i Tormo (\u00a0(Valencia, 1917 \u2013 Barcelona, 1997) ha sido un referente en el mundo de la cer\u00e1mica de creaci\u00f3n contempor\u00e1nea. Adem\u00e1s de su original, amplia y variada obra, cre\u00f3 escuela, ya que imparti\u00f3 clases en muchas generaciones de ceramistas de reconocido prestigio. Angelina Al\u00f3s i Tormo mantuvo a&hellip;","_links":{"self":[{"href":"https:\/\/museus.esplugues.cat\/es\/wp-json\/wp\/v2\/project\/28678","targetHints":{"allow":["GET"]}}],"collection":[{"href":"https:\/\/museus.esplugues.cat\/es\/wp-json\/wp\/v2\/project"}],"about":[{"href":"https:\/\/museus.esplugues.cat\/es\/wp-json\/wp\/v2\/types\/project"}],"author":[{"embeddable":true,"href":"https:\/\/museus.esplugues.cat\/es\/wp-json\/wp\/v2\/users\/2"}],"version-history":[{"count":5,"href":"https:\/\/museus.esplugues.cat\/es\/wp-json\/wp\/v2\/project\/28678\/revisions"}],"predecessor-version":[{"id":30665,"href":"https:\/\/museus.esplugues.cat\/es\/wp-json\/wp\/v2\/project\/28678\/revisions\/30665"}],"wp:featuredmedia":[{"embeddable":true,"href":"https:\/\/museus.esplugues.cat\/es\/wp-json\/wp\/v2\/media\/28429"}],"wp:attachment":[{"href":"https:\/\/museus.esplugues.cat\/es\/wp-json\/wp\/v2\/media?parent=28678"}],"wp:term":[{"taxonomy":"project_category","embeddable":true,"href":"https:\/\/museus.esplugues.cat\/es\/wp-json\/wp\/v2\/project_category?post=28678"},{"taxonomy":"project_tag","embeddable":true,"href":"https:\/\/museus.esplugues.cat\/es\/wp-json\/wp\/v2\/project_tag?post=28678"}],"curies":[{"name":"wp","href":"https:\/\/api.w.org\/{rel}","templated":true}]}}